{"id":3832,"date":"2023-01-29T15:34:50","date_gmt":"2023-01-29T15:34:50","guid":{"rendered":"https:\/\/www.intermann.fr\/?page_id=3832"},"modified":"2024-04-02T10:41:47","modified_gmt":"2024-04-02T10:41:47","slug":"facadier","status":"publish","type":"page","link":"https:\/\/www.intermann.fr\/de\/rumanische-bauarbeiter-rekrutieren\/facadier\/","title":{"rendered":"Fassadenbauer rekrutieren"},"content":{"rendered":"<div data-elementor-type=\"wp-page\" data-elementor-id=\"3832\" class=\"elementor elementor-3832\" data-elementor-post-type=\"page\">\n\t\t\t\t\t\t<section class=\"elementor-section elementor-top-section elementor-element elementor-element-1638f767 elementor-section-full_width elementor-section-height-min-height elementor-section-height-default elementor-section-items-middle\" data-id=\"1638f767\" data-element_type=\"section\" data-settings=\"{&quot;background_background&quot;:&quot;classic&quot;}\">\n\t\t\t\t\t\t<div class=\"elementor-container elementor-column-gap-default\">\n\t\t\t\t\t<div class=\"elementor-column elementor-col-100 elementor-top-column elementor-element elementor-element-35e66703\" data-id=\"35e66703\" data-element_type=\"column\">\n\t\t\t<div class=\"elementor-widget-wrap elementor-element-populated\">\n\t\t\t\t\t\t<section class=\"elementor-section elementor-inner-section elementor-element elementor-element-d3814f5 elementor-section-boxed elementor-section-height-default elementor-section-height-default\" data-id=\"d3814f5\" data-element_type=\"section\">\n\t\t\t\t\t\t<div class=\"elementor-container elementor-column-gap-default\">\n\t\t\t\t\t<div class=\"elementor-column elementor-col-33 elementor-inner-column elementor-element elementor-element-2d889fd0\" data-id=\"2d889fd0\" data-element_type=\"column\">\n\t\t\t<div class=\"elementor-widget-wrap\">\n\t\t\t\t\t\t\t<\/div>\n\t\t<\/div>\n\t\t\t\t<div class=\"elementor-column elementor-col-33 elementor-inner-column elementor-element elementor-element-4166c57\" data-id=\"4166c57\" data-element_type=\"column\">\n\t\t\t<div class=\"elementor-widget-wrap elementor-element-populated\">\n\t\t\t\t\t\t<div class=\"elementor-element elementor-element-f05591a elementor-widget elementor-widget-heading\" data-id=\"f05591a\" data-element_type=\"widget\" data-widget_type=\"heading.default\">\n\t\t\t\t<div class=\"elementor-widget-container\">\n\t\t\t\t\t<h1 class=\"elementor-heading-title elementor-size-default\">Einstellung eines Fassadengestalters als entsandter Zeitarbeitnehmer aus Rum\u00e4nien<\/h1>\t\t\t\t<\/div>\n\t\t\t\t<\/div>\n\t\t\t\t<div class=\"elementor-element elementor-element-6bf353a0 elementor-widget elementor-widget-text-editor\" data-id=\"6bf353a0\" data-element_type=\"widget\" data-widget_type=\"text-editor.default\">\n\t\t\t\t<div class=\"elementor-widget-container\">\n\t\t\t\t\t\t\t\t\t<p><em>Sie ben\u00f6tigen tempor\u00e4re Fassadenbauer f\u00fcr Ihr Bauunternehmen oder Ihre Fachfirma? Sie haben Schwierigkeiten, Arbeitskr\u00e4fte in Frankreich zu rekrutieren? Intermann, Ihre franz\u00f6sisch-rum\u00e4nische Zeitarbeitsfirma, bietet Ihnen eine einfache L\u00f6sung f\u00fcr Ihre Rekrutierungsschwierigkeiten: die Entsendung von aus Rum\u00e4nien entsandten tempor\u00e4ren Fassadenbauern.<\/em><\/p>\t\t\t\t\t\t\t\t<\/div>\n\t\t\t\t<\/div>\n\t\t\t\t<div class=\"elementor-element elementor-element-f9eb9d5 elementor-align-center elementor-widget elementor-widget-button\" data-id=\"f9eb9d5\" data-element_type=\"widget\" data-widget_type=\"button.default\">\n\t\t\t\t<div class=\"elementor-widget-container\">\n\t\t\t\t\t\t\t\t\t<div class=\"elementor-button-wrapper\">\n\t\t\t\t\t<a class=\"elementor-button elementor-button-link elementor-size-sm\" href=\"https:\/\/www.intermann.fr\/de\/leiharbeiter-einstellen\/\">\n\t\t\t\t\t\t<span class=\"elementor-button-content-wrapper\">\n\t\t\t\t\t\t<span class=\"elementor-button-icon\">\n\t\t\t\t<i aria-hidden=\"true\" class=\"far fa-edit\"><\/i>\t\t\t<\/span>\n\t\t\t\t\t\t\t\t\t<span class=\"elementor-button-text\">Fordern Sie ein Angebot an<\/span>\n\t\t\t\t\t<\/span>\n\t\t\t\t\t<\/a>\n\t\t\t\t<\/div>\n\t\t\t\t\t\t\t\t<\/div>\n\t\t\t\t<\/div>\n\t\t\t\t<div class=\"elementor-element elementor-element-14024e1e elementor-widget elementor-widget-pp-breadcrumbs\" data-id=\"14024e1e\" data-element_type=\"widget\" data-settings=\"{&quot;breadcrumbs_type&quot;:&quot;powerpack&quot;}\" data-widget_type=\"pp-breadcrumbs.default\">\n\t\t\t\t<div class=\"elementor-widget-container\">\n\t\t\t\t\t<ul class=\"pp-breadcrumbs pp-breadcrumbs-powerpack\">\t\t<li class=\"pp-breadcrumbs-item pp-breadcrumbs-item-home\">\n\t\t\t<a class=\"pp-breadcrumbs-crumb pp-breadcrumbs-crumb-link pp-breadcrumbs-crumb-home\" href=\"https:\/\/www.intermann.fr\/de\" title=\"Intermann\">\n\t\t\t\t<span class=\"pp-breadcrumbs-text\">\n\t\t\t\t\t\t\t\t\t\t\t<span class=\"pp-icon\">\n\t\t\t\t\t\t\t<i aria-hidden=\"true\" class=\"fas fa-home\"><\/i>\t\t\t\t\t\t<\/span>\n\t\t\t\t\t\t\t\t\t\tIntermann\t\t\t\t<\/span>\n\t\t\t<\/a>\n\t\t<\/li>\n\t\t<li class=\"pp-breadcrumbs-separator\">\t\t\t\t<span class='pp-separator-icon pp-icon'>\n\t\t\t\t\t<i aria-hidden=\"true\" class=\"fas fa-angle-right\"><\/i>\t\t\t\t<\/span>\n\t\t\t\t<\/li><\/ul>\t\t\t\t<\/div>\n\t\t\t\t<\/div>\n\t\t\t\t\t<\/div>\n\t\t<\/div>\n\t\t\t\t<div class=\"elementor-column elementor-col-33 elementor-inner-column elementor-element elementor-element-631b2bb9\" data-id=\"631b2bb9\" data-element_type=\"column\">\n\t\t\t<div class=\"elementor-widget-wrap\">\n\t\t\t\t\t\t\t<\/div>\n\t\t<\/div>\n\t\t\t\t\t<\/div>\n\t\t<\/section>\n\t\t\t\t\t<\/div>\n\t\t<\/div>\n\t\t\t\t\t<\/div>\n\t\t<\/section>\n\t\t\t\t<section class=\"elementor-section elementor-top-section elementor-element elementor-element-2d5b54a6 elementor-section-full_width elementor-section-height-default elementor-section-height-default\" data-id=\"2d5b54a6\" data-element_type=\"section\" data-settings=\"{&quot;background_background&quot;:&quot;classic&quot;}\">\n\t\t\t\t\t\t<div class=\"elementor-container elementor-column-gap-default\">\n\t\t\t\t\t<div class=\"elementor-column elementor-col-100 elementor-top-column elementor-element elementor-element-148dd7a6\" data-id=\"148dd7a6\" data-element_type=\"column\">\n\t\t\t<div class=\"elementor-widget-wrap elementor-element-populated\">\n\t\t\t\t\t\t<section class=\"elementor-section elementor-inner-section elementor-element elementor-element-6397bef6 elementor-section-boxed elementor-section-height-default elementor-section-height-default\" data-id=\"6397bef6\" data-element_type=\"section\">\n\t\t\t\t\t\t<div class=\"elementor-container elementor-column-gap-default\">\n\t\t\t\t\t<div class=\"elementor-column elementor-col-50 elementor-inner-column elementor-element elementor-element-ed560c6\" data-id=\"ed560c6\" data-element_type=\"column\">\n\t\t\t<div class=\"elementor-widget-wrap elementor-element-populated\">\n\t\t\t\t\t\t<div class=\"elementor-element elementor-element-2489357c elementor-widget elementor-widget-heading\" data-id=\"2489357c\" data-element_type=\"widget\" data-widget_type=\"heading.default\">\n\t\t\t\t<div class=\"elementor-widget-container\">\n\t\t\t\t\t<h2 class=\"elementor-heading-title elementor-size-default\">Einfache Rekrutierung von tempor\u00e4ren Fassadenbauern in Frankreich <\/h2>\t\t\t\t<\/div>\n\t\t\t\t<\/div>\n\t\t\t\t<div class=\"elementor-element elementor-element-6aa4e87a elementor-widget elementor-widget-text-editor\" data-id=\"6aa4e87a\" data-element_type=\"widget\" data-widget_type=\"text-editor.default\">\n\t\t\t\t<div class=\"elementor-widget-container\">\n\t\t\t\t\t\t\t\t\t<p>Der Beruf des Fassadenbauers ist im Hoch- und Tiefbau sehr wichtig: Der Fassadenbauer ist zwischen dem Rohbau und der Fertigstellung t\u00e4tig und sorgt daf\u00fcr, dass die W\u00e4nde eines Geb\u00e4udes gut abgedichtet und isoliert sind. Dennoch gibt es in Frankreich einen Mangel an zeitlich befristeten Fassadenbauern: Bauunternehmen haben Schwierigkeiten, qualifizierte Arbeitskr\u00e4fte f\u00fcr kurze Zeitr\u00e4ume einzustellen. Dieser Beruf mit seinen schwierigen Arbeitsbedingungen und dem unattraktiven Gehalt ist f\u00fcr junge Franzosen nicht mehr attraktiv.<\/p><p>Es gibt immer noch die L\u00f6sung, aus Europa zu rekrutieren: Die EU-Richtlinie 96\/71-EG erlaubt und regelt die Rekrutierung europ\u00e4ischer Arbeitnehmer in Frankreich, unabh\u00e4ngig von der Branche, in der sie t\u00e4tig sind. Aber wie geht man vor, um aus Europa entsandte Zeitarbeitnehmer anzuwerben? Intermann, eine franz\u00f6sisch-rum\u00e4nische Zeitarbeitsfirma, hilft Ihnen bei der einfachen Einstellung von rum\u00e4nischen Bauarbeitern f\u00fcr begrenzte Zeitr\u00e4ume.<\/p>\t\t\t\t\t\t\t\t<\/div>\n\t\t\t\t<\/div>\n\t\t\t\t<div class=\"elementor-element elementor-element-55bca88e elementor-position-inline-start elementor-mobile-position-inline-start elementor-view-default elementor-widget elementor-widget-icon-box\" data-id=\"55bca88e\" data-element_type=\"widget\" data-widget_type=\"icon-box.default\">\n\t\t\t\t<div class=\"elementor-widget-container\">\n\t\t\t\t\t\t\t<div class=\"elementor-icon-box-wrapper\">\n\n\t\t\t\t\t\t<div class=\"elementor-icon-box-icon\">\n\t\t\t\t<a href=\"mailto:contact@intermann.ro\" class=\"elementor-icon\" tabindex=\"-1\" aria-label=\"contact@intermann.ro\">\n\t\t\t\t<svg xmlns=\"http:\/\/www.w3.org\/2000\/svg\" width=\"30\" height=\"31\" viewbox=\"0 0 30 31\" fill=\"none\"><rect y=\"0.875122\" width=\"30\" height=\"30\" rx=\"4\" fill=\"#032339\"><\/rect><path d=\"M22 8.87512H8C7.0375 8.87512 6.25875 9.66262 6.25875 10.6251L6.25 21.1251C6.25 22.0876 7.0375 22.8751 8 22.8751H22C22.9625 22.8751 23.75 22.0876 23.75 21.1251V10.6251C23.75 9.66262 22.9625 8.87512 22 8.87512ZM21.65 12.5939L15.4637 16.4614C15.1838 16.6364 14.8162 16.6364 14.5363 16.4614L8.35 12.5939C8.13125 12.4539 8 12.2176 8 11.9639C8 11.3776 8.63875 11.0276 9.1375 11.3339L15 15.0001L20.8625 11.3339C21.3613 11.0276 22 11.3776 22 11.9639C22 12.2176 21.8688 12.4539 21.65 12.5939Z\" fill=\"#FFF4EC\"><\/path><\/svg>\t\t\t\t<\/a>\n\t\t\t<\/div>\n\t\t\t\n\t\t\t\t\t\t<div class=\"elementor-icon-box-content\">\n\n\t\t\t\t\t\t\t\t\t<span class=\"elementor-icon-box-title\">\n\t\t\t\t\t\t<a href=\"mailto:contact@intermann.ro\" >\n\t\t\t\t\t\t\tcontact@intermann.ro\t\t\t\t\t\t<\/a>\n\t\t\t\t\t<\/span>\n\t\t\t\t\n\t\t\t\t\n\t\t\t<\/div>\n\t\t\t\n\t\t<\/div>\n\t\t\t\t\t\t<\/div>\n\t\t\t\t<\/div>\n\t\t\t\t<div class=\"elementor-element elementor-element-469649c elementor-position-inline-start elementor-mobile-position-inline-start elementor-view-default elementor-widget elementor-widget-icon-box\" data-id=\"469649c\" data-element_type=\"widget\" data-widget_type=\"icon-box.default\">\n\t\t\t\t<div class=\"elementor-widget-container\">\n\t\t\t\t\t\t\t<div class=\"elementor-icon-box-wrapper\">\n\n\t\t\t\t\t\t<div class=\"elementor-icon-box-icon\">\n\t\t\t\t<a href=\"tel:+33%201%2087%2066%2052%2098\" class=\"elementor-icon\" tabindex=\"-1\" aria-label=\"+33 7 45 05 46 77 \">\n\t\t\t\t<i aria-hidden=\"true\" class=\"fab fa-whatsapp-square\"><\/i>\t\t\t\t<\/a>\n\t\t\t<\/div>\n\t\t\t\n\t\t\t\t\t\t<div class=\"elementor-icon-box-content\">\n\n\t\t\t\t\t\t\t\t\t<span class=\"elementor-icon-box-title\">\n\t\t\t\t\t\t<a href=\"tel:+33%201%2087%2066%2052%2098\" >\n\t\t\t\t\t\t\t+33 7 45 05 46 77 \t\t\t\t\t\t<\/a>\n\t\t\t\t\t<\/span>\n\t\t\t\t\n\t\t\t\t\n\t\t\t<\/div>\n\t\t\t\n\t\t<\/div>\n\t\t\t\t\t\t<\/div>\n\t\t\t\t<\/div>\n\t\t\t\t\t<\/div>\n\t\t<\/div>\n\t\t\t\t<div class=\"elementor-column elementor-col-50 elementor-inner-column elementor-element elementor-element-15fff10f\" data-id=\"15fff10f\" data-element_type=\"column\">\n\t\t\t<div class=\"elementor-widget-wrap elementor-element-populated\">\n\t\t\t\t\t\t<div class=\"elementor-element elementor-element-43e0c972 elementor-widget elementor-widget-image\" data-id=\"43e0c972\" data-element_type=\"widget\" data-widget_type=\"image.default\">\n\t\t\t\t<div class=\"elementor-widget-container\">\n\t\t\t\t\t\t\t\t\t\t\t\t\t\t\t<img fetchpriority=\"high\" decoding=\"async\" width=\"505\" height=\"576\" src=\"https:\/\/www.intermann.fr\/wp-content\/uploads\/2023\/01\/recruter-facadier-BTP-Construction-Intermann.png\" class=\"attachment-large size-large wp-image-3835\" alt=\"Recruter fa\u00e7adier BTP construction \u2014 Intermann agence d\u00e9tachement\" srcset=\"https:\/\/www.intermann.fr\/wp-content\/uploads\/2023\/01\/recruter-facadier-BTP-Construction-Intermann.png 505w, https:\/\/www.intermann.fr\/wp-content\/uploads\/2023\/01\/recruter-facadier-BTP-Construction-Intermann-263x300.png 263w\" sizes=\"(max-width: 505px) 100vw, 505px\" \/>\t\t\t\t\t\t\t\t\t\t\t\t\t\t\t<\/div>\n\t\t\t\t<\/div>\n\t\t\t\t\t<\/div>\n\t\t<\/div>\n\t\t\t\t\t<\/div>\n\t\t<\/section>\n\t\t\t\t\t<\/div>\n\t\t<\/div>\n\t\t\t\t\t<\/div>\n\t\t<\/section>\n\t\t\t\t<section class=\"elementor-section elementor-top-section elementor-element elementor-element-211915ac elementor-section-boxed elementor-section-height-default elementor-section-height-default\" data-id=\"211915ac\" data-element_type=\"section\">\n\t\t\t\t\t\t<div class=\"elementor-container elementor-column-gap-default\">\n\t\t\t\t\t<div class=\"elementor-column elementor-col-100 elementor-top-column elementor-element elementor-element-2d1d81a4\" data-id=\"2d1d81a4\" data-element_type=\"column\">\n\t\t\t<div class=\"elementor-widget-wrap elementor-element-populated\">\n\t\t\t\t\t\t<div class=\"elementor-element elementor-element-21af777 elementor-widget elementor-widget-image\" data-id=\"21af777\" data-element_type=\"widget\" data-widget_type=\"image.default\">\n\t\t\t\t<div class=\"elementor-widget-container\">\n\t\t\t\t\t\t\t\t\t\t\t\t\t\t\t<img decoding=\"async\" width=\"800\" height=\"419\" src=\"https:\/\/www.intermann.fr\/wp-content\/uploads\/2023\/01\/Recruter-Facadier-dans-le-BTP-1024x536.png\" class=\"attachment-large size-large wp-image-3834\" alt=\"Facadier im Baugewerbe anwerben\" srcset=\"https:\/\/www.intermann.fr\/wp-content\/uploads\/2023\/01\/Recruter-Facadier-dans-le-BTP-1024x536.png 1024w, https:\/\/www.intermann.fr\/wp-content\/uploads\/2023\/01\/Recruter-Facadier-dans-le-BTP-300x157.png 300w, https:\/\/www.intermann.fr\/wp-content\/uploads\/2023\/01\/Recruter-Facadier-dans-le-BTP-768x402.png 768w, https:\/\/www.intermann.fr\/wp-content\/uploads\/2023\/01\/Recruter-Facadier-dans-le-BTP.png 1200w\" sizes=\"(max-width: 800px) 100vw, 800px\" \/>\t\t\t\t\t\t\t\t\t\t\t\t\t\t\t<\/div>\n\t\t\t\t<\/div>\n\t\t\t\t<div class=\"elementor-element elementor-element-268ac968 elementor-widget elementor-widget-heading\" data-id=\"268ac968\" data-element_type=\"widget\" data-widget_type=\"heading.default\">\n\t\t\t\t<div class=\"elementor-widget-container\">\n\t\t\t\t\t<h2 class=\"elementor-heading-title elementor-size-default\">Die Entsendung zur Einstellung eines rum\u00e4nischen Zeitarbeitnehmers<\/h2>\t\t\t\t<\/div>\n\t\t\t\t<\/div>\n\t\t\t\t<div class=\"elementor-element elementor-element-140cc179 elementor-widget elementor-widget-text-editor\" data-id=\"140cc179\" data-element_type=\"widget\" data-widget_type=\"text-editor.default\">\n\t\t\t\t<div class=\"elementor-widget-container\">\n\t\t\t\t\t\t\t\t\t<p>Die Erstellung eines Arbeitsvertrags vom Typ CDD zur Anwerbung von Arbeitnehmern in Rum\u00e4nien ist kompliziert. Intermann erleichtert Ihnen die Aufgabe mit der Entsendeoption: Mit diesem Vertrag, der flexibler und anpassungsf\u00e4higer als ein befristeter Arbeitsvertrag ist, k\u00f6nnen Sie rum\u00e4nische Fassadenarbeiter in Frankreich f\u00fcr eine Dauer von 6 Monaten einstellen, die verl\u00e4ngert werden kann und keine Verpflichtungen mit sich bringt. Wir helfen Ihnen auch dabei, Arbeitnehmer zu finden, die Ihrem Bedarf an Fassadenbauern entsprechen: Wir w\u00e4hlen motivierte Fassadenbauer aus, die f\u00fcr eine Ausreise nach Frankreich geschult wurden und daher wissen, wie der Beruf des Fassadenbauers in Frankreich funktioniert. Sie sind schnell einsatzbereit und k\u00f6nnen bei dringendem Bedarf an Arbeitskr\u00e4ften schnell entsendet werden.\u00a0<\/p>\t\t\t\t\t\t\t\t<\/div>\n\t\t\t\t<\/div>\n\t\t\t\t<div class=\"elementor-element elementor-element-4dcd45e2 elementor-widget elementor-widget-heading\" data-id=\"4dcd45e2\" data-element_type=\"widget\" data-widget_type=\"heading.default\">\n\t\t\t\t<div class=\"elementor-widget-container\">\n\t\t\t\t\t<h2 class=\"elementor-heading-title elementor-size-default\">Ihre Rekrutierung von entsandten rum\u00e4nischen Fassadenbauern leicht gemacht mit Intermann <\/h2>\t\t\t\t<\/div>\n\t\t\t\t<\/div>\n\t\t\t\t<div class=\"elementor-element elementor-element-1af6e3b7 elementor-widget elementor-widget-text-editor\" data-id=\"1af6e3b7\" data-element_type=\"widget\" data-widget_type=\"text-editor.default\">\n\t\t\t\t<div class=\"elementor-widget-container\">\n\t\t\t\t\t\t\t\t\t<p>Wir bei Intermann m\u00f6chten die Baubranche in Frankreich unterst\u00fctzen, indem wir eine einfache und gleichzeitig effektive L\u00f6sung f\u00fcr Ihre Einstellungsprobleme anbieten. Wir treffen eine Vorauswahl von Bewerbern entsprechend Ihren Anforderungen, und es liegt an Ihnen, den idealen Kandidaten f\u00fcr Ihren Bedarf an Fassadenbauern auszuw\u00e4hlen. Alle unsere Bewerber sind Fassadenbauer, die stolz auf ihren Beruf sind, f\u00fcr die Arbeit in Frankreich ausgebildet wurden und daher sowohl qualifiziert als auch motiviert sind. Danach brauchen Sie sich um nichts mehr zu k\u00fcmmern: Wir k\u00fcmmern uns um alles andere! Wir k\u00fcmmern uns um alle administrativen und logistischen Schritte f\u00fcr die Entsendung von tempor\u00e4ren Fassadenbauern aus Rum\u00e4nien.<\/p>\t\t\t\t\t\t\t\t<\/div>\n\t\t\t\t<\/div>\n\t\t\t\t\t<\/div>\n\t\t<\/div>\n\t\t\t\t\t<\/div>\n\t\t<\/section>\n\t\t\t\t<section class=\"elementor-section elementor-top-section elementor-element elementor-element-f2de353 elementor-section-boxed elementor-section-height-default elementor-section-height-default\" data-id=\"f2de353\" data-element_type=\"section\">\n\t\t\t\t\t\t<div class=\"elementor-container elementor-column-gap-default\">\n\t\t\t\t\t<div class=\"elementor-column elementor-col-100 elementor-top-column elementor-element elementor-element-501b872\" data-id=\"501b872\" data-element_type=\"column\">\n\t\t\t<div class=\"elementor-widget-wrap elementor-element-populated\">\n\t\t\t\t\t\t<div class=\"elementor-element elementor-element-589c71f elementor-widget elementor-widget-heading\" data-id=\"589c71f\" data-element_type=\"widget\" data-widget_type=\"heading.default\">\n\t\t\t\t<div class=\"elementor-widget-container\">\n\t\t\t\t\t<h2 class=\"elementor-heading-title elementor-size-default\">FAQ<\/h2>\t\t\t\t<\/div>\n\t\t\t\t<\/div>\n\t\t\t\t<div class=\"elementor-element elementor-element-f48699f elementor-widget elementor-widget-accordion\" data-id=\"f48699f\" data-element_type=\"widget\" data-widget_type=\"accordion.default\">\n\t\t\t\t<div class=\"elementor-widget-container\">\n\t\t\t\t\t\t\t<div class=\"elementor-accordion\">\n\t\t\t\t\t\t\t<div class=\"elementor-accordion-item\">\n\t\t\t\t\t<div id=\"elementor-tab-title-2561\" class=\"elementor-tab-title\" data-tab=\"1\" role=\"button\" aria-controls=\"elementor-tab-content-2561\" aria-expanded=\"false\">\n\t\t\t\t\t\t\t\t\t\t\t\t\t<span class=\"elementor-accordion-icon elementor-accordion-icon-left\" aria-hidden=\"true\">\n\t\t\t\t\t\t\t\t\t\t\t\t\t\t\t<span class=\"elementor-accordion-icon-closed\"><i class=\"fas fa-plus\"><\/i><\/span>\n\t\t\t\t\t\t\t\t<span class=\"elementor-accordion-icon-opened\"><i class=\"fas fa-minus\"><\/i><\/span>\n\t\t\t\t\t\t\t\t\t\t\t\t\t\t<\/span>\n\t\t\t\t\t\t\t\t\t\t\t\t<a class=\"elementor-accordion-title\" tabindex=\"0\">Wie lange dauert es, einen rum\u00e4nischen Fassadenbauer \u00fcber Intermann in mein Unternehmen zu integrieren?<\/a>\n\t\t\t\t\t<\/div>\n\t\t\t\t\t<div id=\"elementor-tab-content-2561\" class=\"elementor-tab-content elementor-clearfix\" data-tab=\"1\" role=\"region\" aria-labelledby=\"elementor-tab-title-2561\"><p>Der Integrationsprozess eines rum\u00e4nischen Fassadengestalters ist schnell und effizient und dauert in der Regel 1 bis 3 Wochen.<\/p><\/div>\n\t\t\t\t<\/div>\n\t\t\t\t\t\t\t<div class=\"elementor-accordion-item\">\n\t\t\t\t\t<div id=\"elementor-tab-title-2562\" class=\"elementor-tab-title\" data-tab=\"2\" role=\"button\" aria-controls=\"elementor-tab-content-2562\" aria-expanded=\"false\">\n\t\t\t\t\t\t\t\t\t\t\t\t\t<span class=\"elementor-accordion-icon elementor-accordion-icon-left\" aria-hidden=\"true\">\n\t\t\t\t\t\t\t\t\t\t\t\t\t\t\t<span class=\"elementor-accordion-icon-closed\"><i class=\"fas fa-plus\"><\/i><\/span>\n\t\t\t\t\t\t\t\t<span class=\"elementor-accordion-icon-opened\"><i class=\"fas fa-minus\"><\/i><\/span>\n\t\t\t\t\t\t\t\t\t\t\t\t\t\t<\/span>\n\t\t\t\t\t\t\t\t\t\t\t\t<a class=\"elementor-accordion-title\" tabindex=\"0\">Welche Art von Fachwissen bringen die rum\u00e4nischen Fassadenbauer mit?<\/a>\n\t\t\t\t\t<\/div>\n\t\t\t\t\t<div id=\"elementor-tab-content-2562\" class=\"elementor-tab-content elementor-clearfix\" data-tab=\"2\" role=\"region\" aria-labelledby=\"elementor-tab-title-2562\"><p>Die von Intermann angeworbenen rum\u00e4nischen Fassadenbauer sind in verschiedenen Fassadentechniken erfahren, darunter Renovierung, Au\u00dfenisolierung und Malerarbeiten, und orientieren sich an den Qualit\u00e4tsstandards in Frankreich.<\/p><\/div>\n\t\t\t\t<\/div>\n\t\t\t\t\t\t\t<div class=\"elementor-accordion-item\">\n\t\t\t\t\t<div id=\"elementor-tab-title-2563\" class=\"elementor-tab-title\" data-tab=\"3\" role=\"button\" aria-controls=\"elementor-tab-content-2563\" aria-expanded=\"false\">\n\t\t\t\t\t\t\t\t\t\t\t\t\t<span class=\"elementor-accordion-icon elementor-accordion-icon-left\" aria-hidden=\"true\">\n\t\t\t\t\t\t\t\t\t\t\t\t\t\t\t<span class=\"elementor-accordion-icon-closed\"><i class=\"fas fa-plus\"><\/i><\/span>\n\t\t\t\t\t\t\t\t<span class=\"elementor-accordion-icon-opened\"><i class=\"fas fa-minus\"><\/i><\/span>\n\t\t\t\t\t\t\t\t\t\t\t\t\t\t<\/span>\n\t\t\t\t\t\t\t\t\t\t\t\t<a class=\"elementor-accordion-title\" tabindex=\"0\">Wie geht Intermann mit Sprachbarrieren bei rum\u00e4nischen Arbeitnehmern um?<\/a>\n\t\t\t\t\t<\/div>\n\t\t\t\t\t<div id=\"elementor-tab-content-2563\" class=\"elementor-tab-content elementor-clearfix\" data-tab=\"3\" role=\"region\" aria-labelledby=\"elementor-tab-title-2563\"><p>Um die Kommunikation zu erleichtern, stellt Intermann sicher, dass mindestens ein Mitglied des Fassadenteams Franz\u00f6sisch spricht, was eine effektive Integration und eine reibungslose Kommunikation auf der Baustelle erm\u00f6glicht.<\/p><\/div>\n\t\t\t\t<\/div>\n\t\t\t\t\t\t\t<div class=\"elementor-accordion-item\">\n\t\t\t\t\t<div id=\"elementor-tab-title-2564\" class=\"elementor-tab-title\" data-tab=\"4\" role=\"button\" aria-controls=\"elementor-tab-content-2564\" aria-expanded=\"false\">\n\t\t\t\t\t\t\t\t\t\t\t\t\t<span class=\"elementor-accordion-icon elementor-accordion-icon-left\" aria-hidden=\"true\">\n\t\t\t\t\t\t\t\t\t\t\t\t\t\t\t<span class=\"elementor-accordion-icon-closed\"><i class=\"fas fa-plus\"><\/i><\/span>\n\t\t\t\t\t\t\t\t<span class=\"elementor-accordion-icon-opened\"><i class=\"fas fa-minus\"><\/i><\/span>\n\t\t\t\t\t\t\t\t\t\t\t\t\t\t<\/span>\n\t\t\t\t\t\t\t\t\t\t\t\t<a class=\"elementor-accordion-title\" tabindex=\"0\">Kann man einen rum\u00e4nischen Fassadenbauer nach einer Entsendung direkt besch\u00e4ftigen?<\/a>\n\t\t\t\t\t<\/div>\n\t\t\t\t\t<div id=\"elementor-tab-content-2564\" class=\"elementor-tab-content elementor-clearfix\" data-tab=\"4\" role=\"region\" aria-labelledby=\"elementor-tab-title-2564\"><p>Es ist m\u00f6glich, eine Option f\u00fcr eine direkte Anstellung in den Entsendungsvertrag aufzunehmen und so bei Bedarf einen \u00dcbergang zu einem festen Vertrag zu erm\u00f6glichen.<\/p><\/div>\n\t\t\t\t<\/div>\n\t\t\t\t\t\t\t<div class=\"elementor-accordion-item\">\n\t\t\t\t\t<div id=\"elementor-tab-title-2565\" class=\"elementor-tab-title\" data-tab=\"5\" role=\"button\" aria-controls=\"elementor-tab-content-2565\" aria-expanded=\"false\">\n\t\t\t\t\t\t\t\t\t\t\t\t\t<span class=\"elementor-accordion-icon elementor-accordion-icon-left\" aria-hidden=\"true\">\n\t\t\t\t\t\t\t\t\t\t\t\t\t\t\t<span class=\"elementor-accordion-icon-closed\"><i class=\"fas fa-plus\"><\/i><\/span>\n\t\t\t\t\t\t\t\t<span class=\"elementor-accordion-icon-opened\"><i class=\"fas fa-minus\"><\/i><\/span>\n\t\t\t\t\t\t\t\t\t\t\t\t\t\t<\/span>\n\t\t\t\t\t\t\t\t\t\t\t\t<a class=\"elementor-accordion-title\" tabindex=\"0\">Welche administrativen Schritte \u00fcbernimmt Intermann bei der Entsendung von Fassadenbauern?<\/a>\n\t\t\t\t\t<\/div>\n\t\t\t\t\t<div id=\"elementor-tab-content-2565\" class=\"elementor-tab-content elementor-clearfix\" data-tab=\"5\" role=\"region\" aria-labelledby=\"elementor-tab-title-2565\"><p>Intermann k\u00fcmmert sich um alle Verwaltungsformalit\u00e4ten, einschlie\u00dflich Arbeitsgenehmigungen und Sozialversicherungsformalit\u00e4ten, und gew\u00e4hrleistet so die vollst\u00e4ndige Einhaltung der franz\u00f6sischen und europ\u00e4ischen Gesetze.<\/p><\/div>\n\t\t\t\t<\/div>\n\t\t\t\t\t\t\t<div class=\"elementor-accordion-item\">\n\t\t\t\t\t<div id=\"elementor-tab-title-2566\" class=\"elementor-tab-title\" data-tab=\"6\" role=\"button\" aria-controls=\"elementor-tab-content-2566\" aria-expanded=\"false\">\n\t\t\t\t\t\t\t\t\t\t\t\t\t<span class=\"elementor-accordion-icon elementor-accordion-icon-left\" aria-hidden=\"true\">\n\t\t\t\t\t\t\t\t\t\t\t\t\t\t\t<span class=\"elementor-accordion-icon-closed\"><i class=\"fas fa-plus\"><\/i><\/span>\n\t\t\t\t\t\t\t\t<span class=\"elementor-accordion-icon-opened\"><i class=\"fas fa-minus\"><\/i><\/span>\n\t\t\t\t\t\t\t\t\t\t\t\t\t\t<\/span>\n\t\t\t\t\t\t\t\t\t\t\t\t<a class=\"elementor-accordion-title\" tabindex=\"0\">Welche Vorteile bietet die Anwerbung von rum\u00e4nischen Fassadenbauern mit Intermann?<\/a>\n\t\t\t\t\t<\/div>\n\t\t\t\t\t<div id=\"elementor-tab-content-2566\" class=\"elementor-tab-content elementor-clearfix\" data-tab=\"6\" role=\"region\" aria-labelledby=\"elementor-tab-title-2566\"><p>Die Rekrutierung rum\u00e4nischer Fassadenbauer \u00fcber Intermann bietet Vorteile wie den schnellen Zugang zu qualifizierten Fachkr\u00e4ften, Flexibilit\u00e4t bei der Verwaltung der Arbeitskr\u00e4fte und eine gesicherte Einhaltung der gesetzlichen Vorschriften.<\/p><\/div>\n\t\t\t\t<\/div>\n\t\t\t\t\t\t\t<div class=\"elementor-accordion-item\">\n\t\t\t\t\t<div id=\"elementor-tab-title-2567\" class=\"elementor-tab-title\" data-tab=\"7\" role=\"button\" aria-controls=\"elementor-tab-content-2567\" aria-expanded=\"false\">\n\t\t\t\t\t\t\t\t\t\t\t\t\t<span class=\"elementor-accordion-icon elementor-accordion-icon-left\" aria-hidden=\"true\">\n\t\t\t\t\t\t\t\t\t\t\t\t\t\t\t<span class=\"elementor-accordion-icon-closed\"><i class=\"fas fa-plus\"><\/i><\/span>\n\t\t\t\t\t\t\t\t<span class=\"elementor-accordion-icon-opened\"><i class=\"fas fa-minus\"><\/i><\/span>\n\t\t\t\t\t\t\t\t\t\t\t\t\t\t<\/span>\n\t\t\t\t\t\t\t\t\t\t\t\t<a class=\"elementor-accordion-title\" tabindex=\"0\">Wie stellt Intermann die Qualit\u00e4t und Kompetenz der angeworbenen Fassadenarbeiter sicher?<\/a>\n\t\t\t\t\t<\/div>\n\t\t\t\t\t<div id=\"elementor-tab-content-2567\" class=\"elementor-tab-content elementor-clearfix\" data-tab=\"7\" role=\"region\" aria-labelledby=\"elementor-tab-title-2567\"><p>Intermann trifft eine strenge Auswahl, die auf der Erfahrung, den technischen F\u00e4higkeiten und der Anpassungsf\u00e4higkeit der Fassadenbauer an die spezifischen Anforderungen Ihrer Projekte beruht.<\/p><\/div>\n\t\t\t\t<\/div>\n\t\t\t\t\t\t\t<div class=\"elementor-accordion-item\">\n\t\t\t\t\t<div id=\"elementor-tab-title-2568\" class=\"elementor-tab-title\" data-tab=\"8\" role=\"button\" aria-controls=\"elementor-tab-content-2568\" aria-expanded=\"false\">\n\t\t\t\t\t\t\t\t\t\t\t\t\t<span class=\"elementor-accordion-icon elementor-accordion-icon-left\" aria-hidden=\"true\">\n\t\t\t\t\t\t\t\t\t\t\t\t\t\t\t<span class=\"elementor-accordion-icon-closed\"><i class=\"fas fa-plus\"><\/i><\/span>\n\t\t\t\t\t\t\t\t<span class=\"elementor-accordion-icon-opened\"><i class=\"fas fa-minus\"><\/i><\/span>\n\t\t\t\t\t\t\t\t\t\t\t\t\t\t<\/span>\n\t\t\t\t\t\t\t\t\t\t\t\t<a class=\"elementor-accordion-title\" tabindex=\"0\">Gibt es eine Zufriedenheitsgarantie f\u00fcr die von Intermann erbrachten Dienstleistungen?<\/a>\n\t\t\t\t\t<\/div>\n\t\t\t\t\t<div id=\"elementor-tab-content-2568\" class=\"elementor-tab-content elementor-clearfix\" data-tab=\"8\" role=\"region\" aria-labelledby=\"elementor-tab-title-2568\"><p>Ja, Intermann verpflichtet sich, qualitativ hochwertige Fassadenbauer zu liefern, die Ihre Erwartungen erf\u00fcllen. Im Falle von Nichtkonformit\u00e4t oder Problemen greifen wir schnell ein, um jede Situation zu l\u00f6sen.<\/p><\/div>\n\t\t\t\t<\/div>\n\t\t\t\t\t\t\t\t\t\t<script type=\"application\/ld+json\">{\n    \"@context\": \"https:\\\/\\\/schema.org\",\n    \"@type\": \"FAQPage\",\n    \"mainEntity\": [\n        {\n            \"@type\": \"Question\",\n            \"name\": \"Combien de temps faut-il pour int\\u00e9grer un fa\\u00e7adier roumain dans mon entreprise via Intermann ?\",\n            \"acceptedAnswer\": {\n                \"@type\": \"Answer\",\n                \"text\": \"<p>Le processus d&rsquo;int\\u00e9gration d&rsquo;un fa\\u00e7adier roumain est rapide et efficace, se d\\u00e9roulant habituellement en 1 \\u00e0 3 semaines.<\\\/p>\"\n            }\n        },\n        {\n            \"@type\": \"Question\",\n            \"name\": \"Quel type d'expertise les fa\\u00e7adiers roumains apportent-ils ?\",\n            \"acceptedAnswer\": {\n                \"@type\": \"Answer\",\n                \"text\": \"<p>Les fa\\u00e7adiers roumains recrut\\u00e9s par Intermann sont exp\\u00e9riment\\u00e9s dans diverses techniques de fa\\u00e7ade, y compris le ravalement, l&rsquo;isolation ext\\u00e9rieure, et la peinture, s&rsquo;alignant sur les standards de qualit\\u00e9 en France.<\\\/p>\"\n            }\n        },\n        {\n            \"@type\": \"Question\",\n            \"name\": \"Comment Intermann g\\u00e8re-t-il les barri\\u00e8res linguistiques avec les travailleurs roumains ?\",\n            \"acceptedAnswer\": {\n                \"@type\": \"Answer\",\n                \"text\": \"<p>Pour faciliter la communication, Intermann s&rsquo;assure qu&rsquo;au moins un membre de l&rsquo;\\u00e9quipe de fa\\u00e7adiers parle fran\\u00e7ais, permettant une int\\u00e9gration efficace et une communication fluide sur le chantier.<\\\/p>\"\n            }\n        },\n        {\n            \"@type\": \"Question\",\n            \"name\": \"Peut-on employer directement un fa\\u00e7adier roumain apr\\u00e8s une p\\u00e9riode de d\\u00e9tachement ?\",\n            \"acceptedAnswer\": {\n                \"@type\": \"Answer\",\n                \"text\": \"<p>Il est possible d&rsquo;inclure une option d&#8217;embauche directe dans le contrat de d\\u00e9tachement, permettant ainsi une transition vers un contrat permanent si n\\u00e9cessaire.<\\\/p>\"\n            }\n        },\n        {\n            \"@type\": \"Question\",\n            \"name\": \"Quelles d\\u00e9marches administratives Intermann prend-il en charge pour le d\\u00e9tachement de fa\\u00e7adiers ?\",\n            \"acceptedAnswer\": {\n                \"@type\": \"Answer\",\n                \"text\": \"<p>Intermann g\\u00e8re toutes les formalit\\u00e9s administratives, y compris les autorisations de travail et les d\\u00e9marches li\\u00e9es \\u00e0 la s\\u00e9curit\\u00e9 sociale, assurant une conformit\\u00e9 totale avec les lois fran\\u00e7aises et europ\\u00e9ennes.<\\\/p>\"\n            }\n        },\n        {\n            \"@type\": \"Question\",\n            \"name\": \"Quels avantages offre le recrutement de fa\\u00e7adiers roumains avec Intermann ?\",\n            \"acceptedAnswer\": {\n                \"@type\": \"Answer\",\n                \"text\": \"<p>Recruter des fa\\u00e7adiers roumains via Intermann offre des avantages tels que l&rsquo;acc\\u00e8s rapide \\u00e0 des sp\\u00e9cialistes qualifi\\u00e9s, une flexibilit\\u00e9 dans la gestion de la main-d&rsquo;\\u0153uvre, et une conformit\\u00e9 l\\u00e9gale assur\\u00e9e.<\\\/p>\"\n            }\n        },\n        {\n            \"@type\": \"Question\",\n            \"name\": \"Comment Intermann assure-t-il la qualit\\u00e9 et la comp\\u00e9tence des fa\\u00e7adiers recrut\\u00e9s ?\",\n            \"acceptedAnswer\": {\n                \"@type\": \"Answer\",\n                \"text\": \"<p>Intermann effectue une s\\u00e9lection rigoureuse bas\\u00e9e sur l&rsquo;exp\\u00e9rience, les comp\\u00e9tences techniques, et l&rsquo;adaptabilit\\u00e9 des fa\\u00e7adiers aux exigences sp\\u00e9cifiques de vos projets.<\\\/p>\"\n            }\n        },\n        {\n            \"@type\": \"Question\",\n            \"name\": \"Existe-t-il une garantie de satisfaction pour les services fournis par Intermann ?\",\n            \"acceptedAnswer\": {\n                \"@type\": \"Answer\",\n                \"text\": \"<p>Oui, Intermann s&rsquo;engage \\u00e0 fournir des fa\\u00e7adiers de qualit\\u00e9 qui r\\u00e9pondent \\u00e0 vos attentes. En cas de non-conformit\\u00e9 ou de probl\\u00e8mes, nous intervenons rapidement pour r\\u00e9soudre toute situation.<\\\/p>\"\n            }\n        }\n    ]\n}<\/script>\n\t\t\t\t\t<\/div>\n\t\t\t\t\t\t<\/div>\n\t\t\t\t<\/div>\n\t\t\t\t\t<\/div>\n\t\t<\/div>\n\t\t\t\t\t<\/div>\n\t\t<\/section>\n\t\t\t\t<section class=\"elementor-section elementor-top-section elementor-element elementor-element-18e1d407 elementor-section-boxed elementor-section-height-default elementor-section-height-default\" data-id=\"18e1d407\" data-element_type=\"section\" data-settings=\"{&quot;background_background&quot;:&quot;classic&quot;}\">\n\t\t\t\t\t\t<div class=\"elementor-container elementor-column-gap-default\">\n\t\t\t\t\t<div class=\"elementor-column elementor-col-100 elementor-top-column elementor-element elementor-element-30622f78\" data-id=\"30622f78\" data-element_type=\"column\">\n\t\t\t<div class=\"elementor-widget-wrap elementor-element-populated\">\n\t\t\t\t\t\t<div class=\"elementor-element elementor-element-667c7564 elementor-widget elementor-widget-heading\" data-id=\"667c7564\" data-element_type=\"widget\" data-widget_type=\"heading.default\">\n\t\t\t\t<div class=\"elementor-widget-container\">\n\t\t\t\t\t<h2 class=\"elementor-heading-title elementor-size-default\">Ein Angebot f\u00fcr einen Facadier anfordern <\/h2>\t\t\t\t<\/div>\n\t\t\t\t<\/div>\n\t\t\t\t<section class=\"elementor-section elementor-inner-section elementor-element elementor-element-777e254a elementor-section-boxed elementor-section-height-default elementor-section-height-default\" data-id=\"777e254a\" data-element_type=\"section\">\n\t\t\t\t\t\t<div class=\"elementor-container elementor-column-gap-default\">\n\t\t\t\t\t<div class=\"elementor-column elementor-col-100 elementor-inner-column elementor-element elementor-element-6ef294da\" data-id=\"6ef294da\" data-element_type=\"column\">\n\t\t\t<div class=\"elementor-widget-wrap elementor-element-populated\">\n\t\t\t\t\t\t<div class=\"elementor-element elementor-element-ab38078 elementor-button-align-center contact-form elementor-widget elementor-widget-form\" data-id=\"ab38078\" data-element_type=\"widget\" data-settings=\"{&quot;step_next_label&quot;:&quot;Next&quot;,&quot;step_previous_label&quot;:&quot;Previous&quot;,&quot;button_width&quot;:&quot;100&quot;,&quot;step_type&quot;:&quot;number_text&quot;,&quot;step_icon_shape&quot;:&quot;circle&quot;}\" data-widget_type=\"form.default\">\n\t\t\t\t<div class=\"elementor-widget-container\">\n\t\t\t\t\t\t\t<form class=\"elementor-form\" method=\"post\" data-wpl_tracker=\"{&quot;facebook&quot;:true,&quot;facebook_event_name&quot;:&quot;Contact&quot;,&quot;analytics&quot;:true,&quot;analytics_category&quot;:&quot;Lead&quot;,&quot;analytics_action&quot;:&quot;Metier&quot;,&quot;analytics_label&quot;:&quot;Contact&quot;,&quot;gtag&quot;:true,&quot;gtag_category&quot;:&quot;Lead&quot;,&quot;gtag_action&quot;:&quot;Metier&quot;,&quot;gtag_label&quot;:&quot;Contact&quot;,&quot;gtm&quot;:true}\" name=\"New Form\" aria-label=\"New Form\" action=\"\">\n\t\t\t<input type=\"hidden\" name=\"post_id\" value=\"3832\"\/>\n\t\t\t<input type=\"hidden\" name=\"form_id\" value=\"ab38078\"\/>\n\t\t\t<input type=\"hidden\" name=\"referer_title\" value=\"Recruter fa\u00e7adier BTP en travailleur temporaire\" \/>\n\n\t\t\t\t\t\t\t<input type=\"hidden\" name=\"queried_id\" value=\"3832\"\/>\n\t\t\t\n\t\t\t<div class=\"elementor-form-fields-wrapper elementor-labels-above\">\n\t\t\t\t\t\t\t\t<div class=\"elementor-field-type-text elementor-field-group elementor-column elementor-field-group-name elementor-col-33\">\n\t\t\t\t\t\t\t\t\t\t\t\t<label for=\"form-field-name\" class=\"elementor-field-label\">\n\t\t\t\t\t\t\t\tName\t\t\t\t\t\t\t<\/label>\n\t\t\t\t\t\t\t\t\t\t\t\t\t\t<input size=\"1\" type=\"text\" name=\"form_fields[name]\" id=\"form-field-name\" class=\"elementor-field elementor-size-md  elementor-field-textual\" placeholder=\"Geben Sie Ihren Namen ein\">\n\t\t\t\t\t\t\t\t\t\t\t<\/div>\n\t\t\t\t\t\t\t\t<div class=\"elementor-field-type-text elementor-field-group elementor-column elementor-field-group-field_a6c4e88 elementor-col-33\">\n\t\t\t\t\t\t\t\t\t\t\t\t<label for=\"form-field-field_a6c4e88\" class=\"elementor-field-label\">\n\t\t\t\t\t\t\t\tVorname\t\t\t\t\t\t\t<\/label>\n\t\t\t\t\t\t\t\t\t\t\t\t\t\t<input size=\"1\" type=\"text\" name=\"form_fields[field_a6c4e88]\" id=\"form-field-field_a6c4e88\" class=\"elementor-field elementor-size-md  elementor-field-textual\" placeholder=\"Geben Sie Ihren Vornamen ein\">\n\t\t\t\t\t\t\t\t\t\t\t<\/div>\n\t\t\t\t\t\t\t\t<div class=\"elementor-field-type-text elementor-field-group elementor-column elementor-field-group-field_9d417b5 elementor-col-33\">\n\t\t\t\t\t\t\t\t\t\t\t\t<label for=\"form-field-field_9d417b5\" class=\"elementor-field-label\">\n\t\t\t\t\t\t\t\tName des Unternehmens\t\t\t\t\t\t\t<\/label>\n\t\t\t\t\t\t\t\t\t\t\t\t\t\t<input size=\"1\" type=\"text\" name=\"form_fields[field_9d417b5]\" id=\"form-field-field_9d417b5\" class=\"elementor-field elementor-size-md  elementor-field-textual\" placeholder=\"Geben Sie den Namen der Firma ein\">\n\t\t\t\t\t\t\t\t\t\t\t<\/div>\n\t\t\t\t\t\t\t\t<div class=\"elementor-field-type-email elementor-field-group elementor-column elementor-field-group-email elementor-col-50 elementor-field-required elementor-mark-required\">\n\t\t\t\t\t\t\t\t\t\t\t\t<label for=\"form-field-email\" class=\"elementor-field-label\">\n\t\t\t\t\t\t\t\tE-Mail-Adresse des Unternehmens\t\t\t\t\t\t\t<\/label>\n\t\t\t\t\t\t\t\t\t\t\t\t\t\t<input size=\"1\" type=\"email\" name=\"form_fields[email]\" id=\"form-field-email\" class=\"elementor-field elementor-size-md  elementor-field-textual\" placeholder=\"E-Mail-Adresse des Unternehmens\" required=\"required\">\n\t\t\t\t\t\t\t\t\t\t\t<\/div>\n\t\t\t\t\t\t\t\t<div class=\"elementor-field-type-tel elementor-field-group elementor-column elementor-field-group-field_92c8f7c elementor-col-50 elementor-field-required elementor-mark-required\">\n\t\t\t\t\t\t\t\t\t\t\t\t<label for=\"form-field-field_92c8f7c\" class=\"elementor-field-label\">\n\t\t\t\t\t\t\t\tTelefonnummer\t\t\t\t\t\t\t<\/label>\n\t\t\t\t\t\t\t\t<input size=\"1\" type=\"tel\" name=\"form_fields[field_92c8f7c]\" id=\"form-field-field_92c8f7c\" class=\"elementor-field elementor-size-md  elementor-field-textual\" placeholder=\"Telefonnummer\" required=\"required\" pattern=\"[0-9()#&amp;+*-=.]+\" title=\"Only numbers and phone characters (#, -, *, etc) are accepted.\" data-no-translation-title=\"\">\n\n\t\t\t\t\t\t<\/div>\n\t\t\t\t\t\t\t\t<div class=\"elementor-field-type-textarea elementor-field-group elementor-column elementor-field-group-message elementor-col-100\">\n\t\t\t\t\t\t\t\t\t\t\t\t<label for=\"form-field-message\" class=\"elementor-field-label\">\n\t\t\t\t\t\t\t\tNachricht\t\t\t\t\t\t\t<\/label>\n\t\t\t\t\t\t<textarea class=\"elementor-field-textual elementor-field  elementor-size-md\" name=\"form_fields[message]\" id=\"form-field-message\" rows=\"5\" placeholder=\"Erkl\u00e4ren Sie uns Ihr Anliegen so gut wie m\u00f6glich \"><\/textarea>\t\t\t\t<\/div>\n\t\t\t\t\t\t\t\t<div class=\"elementor-field-type-number elementor-field-group elementor-column elementor-field-group-field_807f73d elementor-col-100\">\n\t\t\t\t\t\t\t\t\t\t\t\t<label for=\"form-field-field_807f73d\" class=\"elementor-field-label\">\n\t\t\t\t\t\t\t\tWie viele Personen ben\u00f6tigen Sie? \t\t\t\t\t\t\t<\/label>\n\t\t\t\t\t\t\t\t\t<input type=\"number\" name=\"form_fields[field_807f73d]\" id=\"form-field-field_807f73d\" class=\"elementor-field elementor-size-md  elementor-field-textual\" placeholder=\"Eine ungef\u00e4hre Zahl angeben\" min=\"1\" max=\"\" >\n\t\t\t\t\t\t<\/div>\n\t\t\t\t\t\t\t\t<div class=\"elementor-field-type-date elementor-field-group elementor-column elementor-field-group-field_57f41fe elementor-col-100\">\n\t\t\t\t\t\t\t\t\t\t\t\t<label for=\"form-field-field_57f41fe\" class=\"elementor-field-label\">\n\t\t\t\t\t\t\t\tAb welchem Datum ben\u00f6tigen Sie das Personal? \t\t\t\t\t\t\t<\/label>\n\t\t\t\t\t\t\n\t\t<input type=\"date\" name=\"form_fields[field_57f41fe]\" id=\"form-field-field_57f41fe\" class=\"elementor-field elementor-size-md  elementor-field-textual elementor-date-field\" placeholder=\"Ein Datum, wenn m\u00f6glich\" pattern=\"[0-9]{4}-[0-9]{2}-[0-9]{2}\" min=\"2022-07-15\">\n\t\t\t\t\t\t<\/div>\n\t\t\t\t\t\t\t\t<div class=\"elementor-field-group elementor-column elementor-field-type-submit elementor-col-100 e-form__buttons\">\n\t\t\t\t\t<button class=\"elementor-button elementor-size-sm\" type=\"submit\">\n\t\t\t\t\t\t<span class=\"elementor-button-content-wrapper\">\n\t\t\t\t\t\t\t\t\t\t\t\t\t\t\t\t\t\t\t\t\t\t<span class=\"elementor-button-text\">Senden Sie<\/span>\n\t\t\t\t\t\t\t\t\t\t\t\t\t<\/span>\n\t\t\t\t\t<\/button>\n\t\t\t\t<\/div>\n\t\t\t<\/div>\n\t\t<input type=\"hidden\" name=\"trp-form-language\" value=\"de\"\/><\/form>\n\t\t\t\t\t\t<\/div>\n\t\t\t\t<\/div>\n\t\t\t\t\t<\/div>\n\t\t<\/div>\n\t\t\t\t\t<\/div>\n\t\t<\/section>\n\t\t\t\t\t<\/div>\n\t\t<\/div>\n\t\t\t\t\t<\/div>\n\t\t<\/section>\n\t\t\t\t<section class=\"elementor-section elementor-top-section elementor-element elementor-element-cce623e elementor-section-boxed elementor-section-height-default elementor-section-height-default\" data-id=\"cce623e\" data-element_type=\"section\">\n\t\t\t\t\t\t<div class=\"elementor-container elementor-column-gap-default\">\n\t\t\t\t\t<div class=\"elementor-column elementor-col-100 elementor-top-column elementor-element elementor-element-8407b84\" data-id=\"8407b84\" data-element_type=\"column\">\n\t\t\t<div class=\"elementor-widget-wrap elementor-element-populated\">\n\t\t\t\t\t\t<div class=\"elementor-element elementor-element-3286814 elementor-widget elementor-widget-text-editor\" data-id=\"3286814\" data-element_type=\"widget\" data-widget_type=\"text-editor.default\">\n\t\t\t\t<div class=\"elementor-widget-container\">\n\t\t\t\t\t\t\t\t\t<p>Die Anwerbung von Fassadenbauern auf Zeit aus Rum\u00e4nien wird zu einer effizienten L\u00f6sung f\u00fcr franz\u00f6sische Baufirmen, die mit Rekrutierungsschwierigkeiten konfrontiert sind. Intermann, eine franz\u00f6sisch-rum\u00e4nische Zeitarbeitsfirma, bietet die Entsendung von rum\u00e4nischen Fassadenbauern an, die in Fassadentechniken wie Renovierung, Au\u00dfenisolierung und Malerarbeiten ausgebildet und erfahren sind und den Qualit\u00e4tsstandards in Frankreich entsprechen.<\/p><p>Die von Intermann angebotene flexible Entsendung f\u00fcr 6 Monate, die verl\u00e4ngert werden kann, ist eine g\u00fcnstige Alternative zu Standard-CDDs, die es franz\u00f6sischen Unternehmen erm\u00f6glicht, ihren Bedarf an Arbeitskr\u00e4ften schnell zu decken. Intermann stellt au\u00dferdem sicher, dass die Fassadenarbeiter Franz\u00f6sisch sprechen, um eine effiziente Integration und eine reibungslose Kommunikation auf den Baustellen zu erm\u00f6glichen.<\/p><p>Neben Fassadenbauern bietet Intermann auch in anderen Bereichen des Bauwesens Personalvermittlung an, z. B. f\u00fcr <a href=\"https:\/\/www.intermann.fr\/de\/rumanische-bauarbeiter-rekrutieren\/macon\/\" target=\"_new\"><strong>Maurer<\/strong><\/a>Die<strong> <a href=\"https:\/\/www.intermann.fr\/de\/rumanische-bauarbeiter-rekrutieren\/tischler\/\" target=\"_new\">Tischler<\/a><\/strong>Die <strong><a href=\"https:\/\/www.intermann.fr\/de\/rumanische-bauarbeiter-rekrutieren\/ingenieur\/\" target=\"_new\">Ingenieure<\/a><\/strong> und die <strong><a href=\"https:\/\/www.intermann.fr\/de\/rumanische-bauarbeiter-rekrutieren\/kranfuhrer\/\" target=\"_new\">Kranf\u00fchrer<\/a>.<\/strong> Intermann w\u00e4hlt motivierte Fassadenbauer aus, die f\u00fcr die Arbeit in Frankreich ausgebildet sind, und stellt so sicher, dass sie schnell einsatzbereit sind und sich an die Anforderungen franz\u00f6sischer Projekte anpassen k\u00f6nnen.<\/p><p>Weitere Informationen \u00fcber die Einstellung von rum\u00e4nischen Fassadenbauern und anderen Bauarbeitern finden Sie unter <strong>ihre Website.<\/strong><\/p>\t\t\t\t\t\t\t\t<\/div>\n\t\t\t\t<\/div>\n\t\t\t\t\t<\/div>\n\t\t<\/div>\n\t\t\t\t\t<\/div>\n\t\t<\/section>\n\t\t\t\t<\/div>","protected":false},"excerpt":{"rendered":"<p>Einstellung eines Fassadenbauers als aus Rum\u00e4nien entsandter Zeitarbeitnehmer Sie ben\u00f6tigen zeitweise Fassadenbauer f\u00fcr Ihr Bauunternehmen oder Fachunternehmen? Sie haben Schwierigkeiten, Arbeitnehmer in Frankreich zu rekrutieren? Intermann, Ihre franz\u00f6sisch-rum\u00e4nische Zeitarbeitsfirma, bietet Ihnen eine einfache L\u00f6sung f\u00fcr Ihre Rekrutierungsschwierigkeiten: die Entsendung von Fassadenbauern auf Zeit [...].<\/p>","protected":false},"author":1,"featured_media":3834,"parent":1605,"menu_order":0,"comment_status":"closed","ping_status":"closed","template":"elementor_header_footer","meta":{"rop_custom_images_group":[],"rop_custom_messages_group":[],"rop_publish_now":"initial","rop_publish_now_accounts":[],"rop_publish_now_history":[],"rop_publish_now_status":"pending","footnotes":""},"class_list":["post-3832","page","type-page","status-publish","has-post-thumbnail","hentry"],"yoast_head":"<!-- This site is optimized with the Yoast SEO plugin v26.6 - https:\/\/yoast.com\/wordpress\/plugins\/seo\/ -->\n<title>Recruter fa\u00e7adier BTP en travailleur temporaire<\/title>\n<meta name=\"description\" content=\"Une solution simple pour r\u00e9soudre vos difficult\u00e9s de recrutement : d\u00e9tachement de fa\u00e7adiers temporaires d\u00e9tach\u00e9s depuis la Roumanie\" \/>\n<meta name=\"robots\" content=\"index, follow, max-snippet:-1, max-image-preview:large, max-video-preview:-1\" \/>\n<link rel=\"canonical\" href=\"https:\/\/www.intermann.fr\/de\/rumanische-bauarbeiter-rekrutieren\/facadier\/\" \/>\n<meta property=\"og:locale\" content=\"de_DE\" \/>\n<meta property=\"og:type\" content=\"article\" \/>\n<meta property=\"og:title\" content=\"Recruter fa\u00e7adier BTP en travailleur temporaire\" \/>\n<meta property=\"og:description\" content=\"Une solution simple pour r\u00e9soudre vos difficult\u00e9s de recrutement : d\u00e9tachement de fa\u00e7adiers temporaires d\u00e9tach\u00e9s depuis la Roumanie\" \/>\n<meta property=\"og:url\" content=\"https:\/\/www.intermann.fr\/de\/rumanische-bauarbeiter-rekrutieren\/facadier\/\" \/>\n<meta property=\"og:site_name\" content=\"Intermann\" \/>\n<meta property=\"article:publisher\" content=\"https:\/\/www.facebook.com\/muncainFranta\" \/>\n<meta property=\"article:modified_time\" content=\"2024-04-02T10:41:47+00:00\" \/>\n<meta property=\"og:image\" content=\"https:\/\/www.intermann.fr\/wp-content\/uploads\/2023\/01\/Recruter-Facadier-dans-le-BTP.png\" \/>\n\t<meta property=\"og:image:width\" content=\"1200\" \/>\n\t<meta property=\"og:image:height\" content=\"628\" \/>\n\t<meta property=\"og:image:type\" content=\"image\/png\" \/>\n<meta name=\"twitter:card\" content=\"summary_large_image\" \/>\n<meta name=\"twitter:site\" content=\"@intermann_work\" \/>\n<meta name=\"twitter:label1\" content=\"Gesch\u00e4tzte Lesezeit\" \/>\n\t<meta name=\"twitter:data1\" content=\"23\u00a0Minuten\" \/>\n<script type=\"application\/ld+json\" class=\"yoast-schema-graph\">{\"@context\":\"https:\/\/schema.org\",\"@graph\":[{\"@type\":\"WebPage\",\"@id\":\"https:\/\/www.intermann.fr\/recruter-ouvriers-construction-roumains\/facadier\/\",\"url\":\"https:\/\/www.intermann.fr\/recruter-ouvriers-construction-roumains\/facadier\/\",\"name\":\"Recruter fa\u00e7adier BTP en travailleur temporaire\",\"isPartOf\":{\"@id\":\"https:\/\/www.intermann.fr\/#website\"},\"primaryImageOfPage\":{\"@id\":\"https:\/\/www.intermann.fr\/recruter-ouvriers-construction-roumains\/facadier\/#primaryimage\"},\"image\":{\"@id\":\"https:\/\/www.intermann.fr\/recruter-ouvriers-construction-roumains\/facadier\/#primaryimage\"},\"thumbnailUrl\":\"https:\/\/www.intermann.fr\/wp-content\/uploads\/2023\/01\/Recruter-Facadier-dans-le-BTP.png\",\"datePublished\":\"2023-01-29T15:34:50+00:00\",\"dateModified\":\"2024-04-02T10:41:47+00:00\",\"description\":\"Une solution simple pour r\u00e9soudre vos difficult\u00e9s de recrutement : d\u00e9tachement de fa\u00e7adiers temporaires d\u00e9tach\u00e9s depuis la Roumanie\",\"breadcrumb\":{\"@id\":\"https:\/\/www.intermann.fr\/recruter-ouvriers-construction-roumains\/facadier\/#breadcrumb\"},\"inLanguage\":\"de\",\"potentialAction\":[{\"@type\":\"ReadAction\",\"target\":[\"https:\/\/www.intermann.fr\/recruter-ouvriers-construction-roumains\/facadier\/\"]}]},{\"@type\":\"ImageObject\",\"inLanguage\":\"de\",\"@id\":\"https:\/\/www.intermann.fr\/recruter-ouvriers-construction-roumains\/facadier\/#primaryimage\",\"url\":\"https:\/\/www.intermann.fr\/wp-content\/uploads\/2023\/01\/Recruter-Facadier-dans-le-BTP.png\",\"contentUrl\":\"https:\/\/www.intermann.fr\/wp-content\/uploads\/2023\/01\/Recruter-Facadier-dans-le-BTP.png\",\"width\":1200,\"height\":628,\"caption\":\"Recruter Facadier dans le BTP\"},{\"@type\":\"BreadcrumbList\",\"@id\":\"https:\/\/www.intermann.fr\/recruter-ouvriers-construction-roumains\/facadier\/#breadcrumb\",\"itemListElement\":[{\"@type\":\"ListItem\",\"position\":1,\"name\":\"Intermann Agence Interim Roumanie\",\"item\":\"https:\/\/www.intermann.fr\/\"},{\"@type\":\"ListItem\",\"position\":2,\"name\":\"Recruter ouvriers de construction de b\u00e2timent et travaux publics en Roumanie\",\"item\":\"https:\/\/www.intermann.fr\/recruter-ouvriers-construction-roumains\/\"},{\"@type\":\"ListItem\",\"position\":3,\"name\":\"Recruter Fa\u00e7adier\"}]},{\"@type\":\"WebSite\",\"@id\":\"https:\/\/www.intermann.fr\/#website\",\"url\":\"https:\/\/www.intermann.fr\/\",\"name\":\"Intermann\",\"description\":\"Recruter en Roumanie pour votre secteur en France\",\"publisher\":{\"@id\":\"https:\/\/www.intermann.fr\/#organization\"},\"potentialAction\":[{\"@type\":\"SearchAction\",\"target\":{\"@type\":\"EntryPoint\",\"urlTemplate\":\"https:\/\/www.intermann.fr\/?s={search_term_string}\"},\"query-input\":{\"@type\":\"PropertyValueSpecification\",\"valueRequired\":true,\"valueName\":\"search_term_string\"}}],\"inLanguage\":\"de\"},{\"@type\":\"Organization\",\"@id\":\"https:\/\/www.intermann.fr\/#organization\",\"name\":\"Intermann : Agence travailleur temporaire\",\"alternateName\":\"Intermann\",\"url\":\"https:\/\/www.intermann.fr\/\",\"logo\":{\"@type\":\"ImageObject\",\"inLanguage\":\"de\",\"@id\":\"https:\/\/www.intermann.fr\/#\/schema\/logo\/image\/\",\"url\":\"https:\/\/www.intermann.fr\/wp-content\/uploads\/2022\/05\/logo-Intermann.png\",\"contentUrl\":\"https:\/\/www.intermann.fr\/wp-content\/uploads\/2022\/05\/logo-Intermann.png\",\"width\":2472,\"height\":2142,\"caption\":\"Intermann : Agence travailleur temporaire\"},\"image\":{\"@id\":\"https:\/\/www.intermann.fr\/#\/schema\/logo\/image\/\"},\"sameAs\":[\"https:\/\/www.facebook.com\/muncainFranta\",\"https:\/\/x.com\/intermann_work\",\"https:\/\/www.linkedin.com\/company\/intermann-interim\/\"]}]}<\/script>\n<!-- \/ Yoast SEO plugin. -->","yoast_head_json":{"title":"Einstellung von BTP-Fassadenbauern als Zeitarbeiter","description":"Eine einfache L\u00f6sung f\u00fcr Ihre Rekrutierungsschwierigkeiten: Entsendung von tempor\u00e4ren Fassadenarbeitern, die aus Rum\u00e4nien entsandt werden","robots":{"index":"index","follow":"follow","max-snippet":"max-snippet:-1","max-image-preview":"max-image-preview:large","max-video-preview":"max-video-preview:-1"},"canonical":"https:\/\/www.intermann.fr\/de\/rumanische-bauarbeiter-rekrutieren\/facadier\/","og_locale":"de_DE","og_type":"article","og_title":"Recruter fa\u00e7adier BTP en travailleur temporaire","og_description":"Une solution simple pour r\u00e9soudre vos difficult\u00e9s de recrutement : d\u00e9tachement de fa\u00e7adiers temporaires d\u00e9tach\u00e9s depuis la Roumanie","og_url":"https:\/\/www.intermann.fr\/de\/rumanische-bauarbeiter-rekrutieren\/facadier\/","og_site_name":"Intermann","article_publisher":"https:\/\/www.facebook.com\/muncainFranta","article_modified_time":"2024-04-02T10:41:47+00:00","og_image":[{"width":1200,"height":628,"url":"https:\/\/www.intermann.fr\/wp-content\/uploads\/2023\/01\/Recruter-Facadier-dans-le-BTP.png","type":"image\/png"}],"twitter_card":"summary_large_image","twitter_site":"@intermann_work","twitter_misc":{"Gesch\u00e4tzte Lesezeit":"23\u00a0Minuten"},"schema":{"@context":"https:\/\/schema.org","@graph":[{"@type":"WebPage","@id":"https:\/\/www.intermann.fr\/recruter-ouvriers-construction-roumains\/facadier\/","url":"https:\/\/www.intermann.fr\/recruter-ouvriers-construction-roumains\/facadier\/","name":"Einstellung von BTP-Fassadenbauern als Zeitarbeiter","isPartOf":{"@id":"https:\/\/www.intermann.fr\/#website"},"primaryImageOfPage":{"@id":"https:\/\/www.intermann.fr\/recruter-ouvriers-construction-roumains\/facadier\/#primaryimage"},"image":{"@id":"https:\/\/www.intermann.fr\/recruter-ouvriers-construction-roumains\/facadier\/#primaryimage"},"thumbnailUrl":"https:\/\/www.intermann.fr\/wp-content\/uploads\/2023\/01\/Recruter-Facadier-dans-le-BTP.png","datePublished":"2023-01-29T15:34:50+00:00","dateModified":"2024-04-02T10:41:47+00:00","description":"Eine einfache L\u00f6sung f\u00fcr Ihre Rekrutierungsschwierigkeiten: Entsendung von tempor\u00e4ren Fassadenarbeitern, die aus Rum\u00e4nien entsandt werden","breadcrumb":{"@id":"https:\/\/www.intermann.fr\/recruter-ouvriers-construction-roumains\/facadier\/#breadcrumb"},"inLanguage":"de","potentialAction":[{"@type":"ReadAction","target":["https:\/\/www.intermann.fr\/recruter-ouvriers-construction-roumains\/facadier\/"]}]},{"@type":"ImageObject","inLanguage":"de","@id":"https:\/\/www.intermann.fr\/recruter-ouvriers-construction-roumains\/facadier\/#primaryimage","url":"https:\/\/www.intermann.fr\/wp-content\/uploads\/2023\/01\/Recruter-Facadier-dans-le-BTP.png","contentUrl":"https:\/\/www.intermann.fr\/wp-content\/uploads\/2023\/01\/Recruter-Facadier-dans-le-BTP.png","width":1200,"height":628,"caption":"Recruter Facadier dans le BTP"},{"@type":"BreadcrumbList","@id":"https:\/\/www.intermann.fr\/recruter-ouvriers-construction-roumains\/facadier\/#breadcrumb","itemListElement":[{"@type":"ListItem","position":1,"name":"Intermann Agence Interim Roumanie","item":"https:\/\/www.intermann.fr\/"},{"@type":"ListItem","position":2,"name":"Recruter ouvriers de construction de b\u00e2timent et travaux publics en Roumanie","item":"https:\/\/www.intermann.fr\/recruter-ouvriers-construction-roumains\/"},{"@type":"ListItem","position":3,"name":"Recruter Fa\u00e7adier"}]},{"@type":"WebSite","@id":"https:\/\/www.intermann.fr\/#website","url":"https:\/\/www.intermann.fr\/","name":"Intermann","description":"Rekrutierung in Rum\u00e4nien f\u00fcr Ihren Sektor in Frankreich","publisher":{"@id":"https:\/\/www.intermann.fr\/#organization"},"potentialAction":[{"@type":"SearchAction","target":{"@type":"EntryPoint","urlTemplate":"https:\/\/www.intermann.fr\/?s={search_term_string}"},"query-input":{"@type":"PropertyValueSpecification","valueRequired":true,"valueName":"search_term_string"}}],"inLanguage":"de"},{"@type":"Organization","@id":"https:\/\/www.intermann.fr\/#organization","name":"Intermann: Agentur f\u00fcr Zeitarbeit","alternateName":"Intermann","url":"https:\/\/www.intermann.fr\/","logo":{"@type":"ImageObject","inLanguage":"de","@id":"https:\/\/www.intermann.fr\/#\/schema\/logo\/image\/","url":"https:\/\/www.intermann.fr\/wp-content\/uploads\/2022\/05\/logo-Intermann.png","contentUrl":"https:\/\/www.intermann.fr\/wp-content\/uploads\/2022\/05\/logo-Intermann.png","width":2472,"height":2142,"caption":"Intermann : Agence travailleur temporaire"},"image":{"@id":"https:\/\/www.intermann.fr\/#\/schema\/logo\/image\/"},"sameAs":["https:\/\/www.facebook.com\/muncainFranta","https:\/\/x.com\/intermann_work","https:\/\/www.linkedin.com\/company\/intermann-interim\/"]}]}},"_links":{"self":[{"href":"https:\/\/www.intermann.fr\/de\/wp-json\/wp\/v2\/pages\/3832","targetHints":{"allow":["GET"]}}],"collection":[{"href":"https:\/\/www.intermann.fr\/de\/wp-json\/wp\/v2\/pages"}],"about":[{"href":"https:\/\/www.intermann.fr\/de\/wp-json\/wp\/v2\/types\/page"}],"author":[{"embeddable":true,"href":"https:\/\/www.intermann.fr\/de\/wp-json\/wp\/v2\/users\/1"}],"replies":[{"embeddable":true,"href":"https:\/\/www.intermann.fr\/de\/wp-json\/wp\/v2\/comments?post=3832"}],"version-history":[{"count":16,"href":"https:\/\/www.intermann.fr\/de\/wp-json\/wp\/v2\/pages\/3832\/revisions"}],"predecessor-version":[{"id":8798,"href":"https:\/\/www.intermann.fr\/de\/wp-json\/wp\/v2\/pages\/3832\/revisions\/8798"}],"up":[{"embeddable":true,"href":"https:\/\/www.intermann.fr\/de\/wp-json\/wp\/v2\/pages\/1605"}],"wp:featuredmedia":[{"embeddable":true,"href":"https:\/\/www.intermann.fr\/de\/wp-json\/wp\/v2\/media\/3834"}],"wp:attachment":[{"href":"https:\/\/www.intermann.fr\/de\/wp-json\/wp\/v2\/media?parent=3832"}],"curies":[{"name":"wp","href":"https:\/\/api.w.org\/{rel}","templated":true}]}}