{"id":2678,"date":"2022-06-03T11:57:16","date_gmt":"2022-06-03T11:57:16","guid":{"rendered":"https:\/\/www.intermann.fr\/?page_id=2678"},"modified":"2023-11-06T13:54:15","modified_gmt":"2023-11-06T13:54:15","slug":"rekrutieren-landwirtschaft-in-rumanien","status":"publish","type":"page","link":"https:\/\/www.intermann.fr\/de\/rekrutieren-landwirtschaft-in-rumanien\/","title":{"rendered":"Rekrutieren Bereich Landwirtschaft"},"content":{"rendered":"<div data-elementor-type=\"wp-page\" data-elementor-id=\"2678\" class=\"elementor elementor-2678\" data-elementor-post-type=\"page\">\n\t\t\t\t\t\t<section class=\"elementor-section elementor-top-section elementor-element elementor-element-d9a96de elementor-section-full_width elementor-section-height-min-height elementor-section-height-default elementor-section-items-middle\" data-id=\"d9a96de\" data-element_type=\"section\" data-settings=\"{&quot;background_background&quot;:&quot;classic&quot;}\">\n\t\t\t\t\t\t<div class=\"elementor-container elementor-column-gap-default\">\n\t\t\t\t\t<div class=\"elementor-column elementor-col-100 elementor-top-column elementor-element elementor-element-8350224\" data-id=\"8350224\" data-element_type=\"column\">\n\t\t\t<div class=\"elementor-widget-wrap elementor-element-populated\">\n\t\t\t\t\t\t<section class=\"elementor-section elementor-inner-section elementor-element elementor-element-8366b5e elementor-section-boxed elementor-section-height-default elementor-section-height-default\" data-id=\"8366b5e\" data-element_type=\"section\">\n\t\t\t\t\t\t<div class=\"elementor-container elementor-column-gap-default\">\n\t\t\t\t\t<div class=\"elementor-column elementor-col-33 elementor-inner-column elementor-element elementor-element-24ba820\" data-id=\"24ba820\" data-element_type=\"column\">\n\t\t\t<div class=\"elementor-widget-wrap\">\n\t\t\t\t\t\t\t<\/div>\n\t\t<\/div>\n\t\t\t\t<div class=\"elementor-column elementor-col-33 elementor-inner-column elementor-element elementor-element-9aa2bc5\" data-id=\"9aa2bc5\" data-element_type=\"column\">\n\t\t\t<div class=\"elementor-widget-wrap elementor-element-populated\">\n\t\t\t\t\t\t<div class=\"elementor-element elementor-element-719450e elementor-widget elementor-widget-heading\" data-id=\"719450e\" data-element_type=\"widget\" data-widget_type=\"heading.default\">\n\t\t\t\t<div class=\"elementor-widget-container\">\n\t\t\t\t\t<h1 class=\"elementor-heading-title elementor-size-default\">Rekrutieren Landwirtschaft<br>\nin Rum\u00e4nien <\/h1>\t\t\t\t<\/div>\n\t\t\t\t<\/div>\n\t\t\t\t<div class=\"elementor-element elementor-element-4c38f68 elementor-widget elementor-widget-text-editor\" data-id=\"4c38f68\" data-element_type=\"widget\" data-widget_type=\"text-editor.default\">\n\t\t\t\t<div class=\"elementor-widget-container\">\n\t\t\t\t\t\t\t\t\t<p>Sie haben einen Mangel an Arbeitskr\u00e4ften in der Landwirtschaft und m\u00f6chten rum\u00e4nische Arbeitnehmer f\u00fcr die Landwirtschaft in Frankreich anwerben?<\/p><p>Unsere Agentur <b><u>Intermann <\/u><\/b>stellt dem <b>qualifiziertes rum\u00e4nisches landwirtschaftliches Personal<\/b>. <br \/>Unsere franz\u00f6sisch-rum\u00e4nische Zeitarbeitsfirma unterst\u00fctzt franz\u00f6sische Unternehmen bei der Einstellung von qualifizierten Zeitarbeitskr\u00e4ften im Agrarsektor. <br \/>Rum\u00e4nien ist ein teilweise franz\u00f6sischsprachiges Land mit erschwinglichen Arbeitspreisen. Daher wird es f\u00fcr Ihr Unternehmen sehr vorteilhaft sein, solche Mitarbeiter in der Landwirtschaft zu besch\u00e4ftigen.<\/p>\t\t\t\t\t\t\t\t<\/div>\n\t\t\t\t<\/div>\n\t\t\t\t\t<\/div>\n\t\t<\/div>\n\t\t\t\t<div class=\"elementor-column elementor-col-33 elementor-inner-column elementor-element elementor-element-220435e\" data-id=\"220435e\" data-element_type=\"column\">\n\t\t\t<div class=\"elementor-widget-wrap\">\n\t\t\t\t\t\t\t<\/div>\n\t\t<\/div>\n\t\t\t\t\t<\/div>\n\t\t<\/section>\n\t\t\t\t\t<\/div>\n\t\t<\/div>\n\t\t\t\t\t<\/div>\n\t\t<\/section>\n\t\t\t\t<section class=\"elementor-section elementor-top-section elementor-element elementor-element-9e38a7a elementor-section-boxed elementor-section-height-default elementor-section-height-default\" data-id=\"9e38a7a\" data-element_type=\"section\">\n\t\t\t\t\t\t<div class=\"elementor-container elementor-column-gap-default\">\n\t\t\t\t\t<div class=\"elementor-column elementor-col-33 elementor-top-column elementor-element elementor-element-9534b4f\" data-id=\"9534b4f\" data-element_type=\"column\">\n\t\t\t<div class=\"elementor-widget-wrap elementor-element-populated\">\n\t\t\t\t\t\t<div class=\"elementor-element elementor-element-85def68 elementor-widget elementor-widget-heading\" data-id=\"85def68\" data-element_type=\"widget\" data-widget_type=\"heading.default\">\n\t\t\t\t<div class=\"elementor-widget-container\">\n\t\t\t\t\t<h2 class=\"elementor-heading-title elementor-size-default\">Warum sollten Sie in Rum\u00e4nien Arbeitskr\u00e4fte im Bereich der Landwirtschaft anwerben?<\/h2>\t\t\t\t<\/div>\n\t\t\t\t<\/div>\n\t\t\t\t\t<\/div>\n\t\t<\/div>\n\t\t\t\t<div class=\"elementor-column elementor-col-33 elementor-top-column elementor-element elementor-element-1493f2a\" data-id=\"1493f2a\" data-element_type=\"column\">\n\t\t\t<div class=\"elementor-widget-wrap elementor-element-populated\">\n\t\t\t\t\t\t<div class=\"elementor-element elementor-element-8bd5830 elementor-position-inline-start elementor-view-default elementor-mobile-position-block-start elementor-widget elementor-widget-icon-box\" data-id=\"8bd5830\" data-element_type=\"widget\" data-widget_type=\"icon-box.default\">\n\t\t\t\t<div class=\"elementor-widget-container\">\n\t\t\t\t\t\t\t<div class=\"elementor-icon-box-wrapper\">\n\n\t\t\t\t\t\t<div class=\"elementor-icon-box-icon\">\n\t\t\t\t<a href=\"https:\/\/eur-lex.europa.eu\/legal-content\/FR\/LSU\/?uri=CELEX:31996L0071#:~:text=La%20directive%2096%2F71%2FCE%20s&#039;applique%20aux%20entreprises,pendant%20la%20p%C3%A9riode%20du%20d%C3%A9tachement.\" class=\"elementor-icon\" tabindex=\"-1\" aria-label=\"Das ist legal!\">\n\t\t\t\t<i aria-hidden=\"true\" class=\"far fa-check-circle\"><\/i>\t\t\t\t<\/a>\n\t\t\t<\/div>\n\t\t\t\n\t\t\t\t\t\t<div class=\"elementor-icon-box-content\">\n\n\t\t\t\t\t\t\t\t\t<h3 class=\"elementor-icon-box-title\">\n\t\t\t\t\t\t<a href=\"https:\/\/eur-lex.europa.eu\/legal-content\/FR\/LSU\/?uri=CELEX:31996L0071#:~:text=La%20directive%2096%2F71%2FCE%20s&#039;applique%20aux%20entreprises,pendant%20la%20p%C3%A9riode%20du%20d%C3%A9tachement.\" >\n\t\t\t\t\t\t\tDas ist legal!\t\t\t\t\t\t<\/a>\n\t\t\t\t\t<\/h3>\n\t\t\t\t\n\t\t\t\t\t\t\t\t\t<p class=\"elementor-icon-box-description\">\n\t\t\t\t\t\tJeder franz\u00f6sische Arbeitgeber kann rechtm\u00e4\u00dfig rum\u00e4nische Arbeitnehmer in seinem Unternehmen besch\u00e4ftigen, unabh\u00e4ngig von der Branche, gem\u00e4\u00df dem <b><a href=\"http:\/\/www.senat.fr\/ue\/pac\/E7220.html\"> Richtlinie 96\/71-EG der Europ\u00e4ischen Union.<\/a><\/b>\t\t\t\t\t<\/p>\n\t\t\t\t\n\t\t\t<\/div>\n\t\t\t\n\t\t<\/div>\n\t\t\t\t\t\t<\/div>\n\t\t\t\t<\/div>\n\t\t\t\t<div class=\"elementor-element elementor-element-ef04bc4 elementor-position-inline-start elementor-view-default elementor-mobile-position-block-start elementor-widget elementor-widget-icon-box\" data-id=\"ef04bc4\" data-element_type=\"widget\" data-widget_type=\"icon-box.default\">\n\t\t\t\t<div class=\"elementor-widget-container\">\n\t\t\t\t\t\t\t<div class=\"elementor-icon-box-wrapper\">\n\n\t\t\t\t\t\t<div class=\"elementor-icon-box-icon\">\n\t\t\t\t<span  class=\"elementor-icon\">\n\t\t\t\t<i aria-hidden=\"true\" class=\"far fa-check-circle\"><\/i>\t\t\t\t<\/span>\n\t\t\t<\/div>\n\t\t\t\n\t\t\t\t\t\t<div class=\"elementor-icon-box-content\">\n\n\t\t\t\t\t\t\t\t\t<h3 class=\"elementor-icon-box-title\">\n\t\t\t\t\t\t<span  >\n\t\t\t\t\t\t\tQualifizierte Arbeiter\t\t\t\t\t\t<\/span>\n\t\t\t\t\t<\/h3>\n\t\t\t\t\n\t\t\t\t\t\t\t\t\t<p class=\"elementor-icon-box-description\">\n\t\t\t\t\t\tStellen Sie nur qualifizierte rum\u00e4nische Arbeitskr\u00e4fte \u00fcber unsere Interim-Agentur Intermann ein. \t\t\t\t\t<\/p>\n\t\t\t\t\n\t\t\t<\/div>\n\t\t\t\n\t\t<\/div>\n\t\t\t\t\t\t<\/div>\n\t\t\t\t<\/div>\n\t\t\t\t\t<\/div>\n\t\t<\/div>\n\t\t\t\t<div class=\"elementor-column elementor-col-33 elementor-top-column elementor-element elementor-element-6170f39\" data-id=\"6170f39\" data-element_type=\"column\">\n\t\t\t<div class=\"elementor-widget-wrap elementor-element-populated\">\n\t\t\t\t\t\t<div class=\"elementor-element elementor-element-50546fa elementor-position-inline-start elementor-view-default elementor-mobile-position-block-start elementor-widget elementor-widget-icon-box\" data-id=\"50546fa\" data-element_type=\"widget\" data-widget_type=\"icon-box.default\">\n\t\t\t\t<div class=\"elementor-widget-container\">\n\t\t\t\t\t\t\t<div class=\"elementor-icon-box-wrapper\">\n\n\t\t\t\t\t\t<div class=\"elementor-icon-box-icon\">\n\t\t\t\t<span  class=\"elementor-icon\">\n\t\t\t\t<i aria-hidden=\"true\" class=\"far fa-check-circle\"><\/i>\t\t\t\t<\/span>\n\t\t\t<\/div>\n\t\t\t\n\t\t\t\t\t\t<div class=\"elementor-icon-box-content\">\n\n\t\t\t\t\t\t\t\t\t<h3 class=\"elementor-icon-box-title\">\n\t\t\t\t\t\t<span  >\n\t\t\t\t\t\t\tAusgebildete Arbeiter f\u00fcr Frankreich\t\t\t\t\t\t<\/span>\n\t\t\t\t\t<\/h3>\n\t\t\t\t\n\t\t\t\t\t\t\t\t\t<p class=\"elementor-icon-box-description\">\n\t\t\t\t\t\tIntermann w\u00e4hlt rum\u00e4nische Arbeitnehmer aus, die f\u00fcr die Arbeit in Frankreich geschult wurden und Franz\u00f6sisch sprechen.\t\t\t\t\t<\/p>\n\t\t\t\t\n\t\t\t<\/div>\n\t\t\t\n\t\t<\/div>\n\t\t\t\t\t\t<\/div>\n\t\t\t\t<\/div>\n\t\t\t\t<div class=\"elementor-element elementor-element-66757da elementor-position-inline-start elementor-view-default elementor-mobile-position-block-start elementor-widget elementor-widget-icon-box\" data-id=\"66757da\" data-element_type=\"widget\" data-widget_type=\"icon-box.default\">\n\t\t\t\t<div class=\"elementor-widget-container\">\n\t\t\t\t\t\t\t<div class=\"elementor-icon-box-wrapper\">\n\n\t\t\t\t\t\t<div class=\"elementor-icon-box-icon\">\n\t\t\t\t<span  class=\"elementor-icon\">\n\t\t\t\t<i aria-hidden=\"true\" class=\"far fa-check-circle\"><\/i>\t\t\t\t<\/span>\n\t\t\t<\/div>\n\t\t\t\n\t\t\t\t\t\t<div class=\"elementor-icon-box-content\">\n\n\t\t\t\t\t\t\t\t\t<h3 class=\"elementor-icon-box-title\">\n\t\t\t\t\t\t<span  >\n\t\t\t\t\t\t\tEinfache Schritte\t\t\t\t\t\t<\/span>\n\t\t\t\t\t<\/h3>\n\t\t\t\t\n\t\t\t\t\t\t\t\t\t<p class=\"elementor-icon-box-description\">\n\t\t\t\t\t\tIntermann w\u00e4hlt f\u00fcr Sie relevante Lebensl\u00e4ufe aus und k\u00fcmmert sich um alle administrativen und logistischen Schritte.\t\t\t\t\t<\/p>\n\t\t\t\t\n\t\t\t<\/div>\n\t\t\t\n\t\t<\/div>\n\t\t\t\t\t\t<\/div>\n\t\t\t\t<\/div>\n\t\t\t\t\t<\/div>\n\t\t<\/div>\n\t\t\t\t\t<\/div>\n\t\t<\/section>\n\t\t\t\t<section class=\"elementor-section elementor-top-section elementor-element elementor-element-a7b16e1 elementor-section-boxed elementor-section-height-default elementor-section-height-default\" data-id=\"a7b16e1\" data-element_type=\"section\">\n\t\t\t\t\t\t<div class=\"elementor-container elementor-column-gap-default\">\n\t\t\t\t\t<div class=\"elementor-column elementor-col-50 elementor-top-column elementor-element elementor-element-1654ea7\" data-id=\"1654ea7\" data-element_type=\"column\">\n\t\t\t<div class=\"elementor-widget-wrap elementor-element-populated\">\n\t\t\t\t\t\t<div class=\"elementor-element elementor-element-32eb0d6 elementor-widget elementor-widget-heading\" data-id=\"32eb0d6\" data-element_type=\"widget\" data-widget_type=\"heading.default\">\n\t\t\t\t<div class=\"elementor-widget-container\">\n\t\t\t\t\t<h2 class=\"elementor-heading-title elementor-size-default\">Klare und legale administrative Schritte<\/h2>\t\t\t\t<\/div>\n\t\t\t\t<\/div>\n\t\t\t\t<div class=\"elementor-element elementor-element-2014c86 elementor-widget elementor-widget-text-editor\" data-id=\"2014c86\" data-element_type=\"widget\" data-widget_type=\"text-editor.default\">\n\t\t\t\t<div class=\"elementor-widget-container\">\n\t\t\t\t\t\t\t\t\t<p>Der Prozess der Einstellung von rum\u00e4nischen Zeitarbeitern in Frankreich kann langwierig und m\u00fchsam sein. Unsere Agentur macht Ihnen das Leben leichter! Wir w\u00e4hlen f\u00fcr Sie die Lebensl\u00e4ufe aus, die Ihrem Bedarf am besten entsprechen. Sie m\u00fcssen dann nur noch die endg\u00fcltige Wahl f\u00fcr das Profil treffen, das Sie in Ihrem landwirtschaftlichen Betrieb einstellen m\u00f6chten.<br \/><br \/>Intermann k\u00fcmmert sich um alles andere, von den Beh\u00f6rdeng\u00e4ngen bis zur Entsendung der Arbeitnehmer in die ihnen zugewiesenen landwirtschaftlichen Betriebe. Es ist zu beachten, dass die Einstellung von Arbeitnehmern in der rum\u00e4nischen Landwirtschaft vollst\u00e4ndig durch die EU-Gesetzgebung geregelt ist. Die EU-Richtlinie 96\/71-EG besagt, dass jeder franz\u00f6sische Arbeitgeber das Recht hat, rum\u00e4nische Arbeitnehmer in seinem Unternehmen zu besch\u00e4ftigen.<br \/><br \/>Der einzige negative Punkt, der bleiben kann, ist die Sprachbarriere: Mit Intermann tun wir unser Bestes, um sicherzustellen, dass die von uns angeworbenen Mitarbeiter ein Minimum an Franz\u00f6sisch oder einer anderen Sprache wie Englisch, Spanisch oder Italienisch verstehen. Wir w\u00e4hlen nur rum\u00e4nische Arbeitskr\u00e4fte aus, die f\u00fcr den landwirtschaftlichen Bereich qualifiziert und ausgebildet sind, um in Frankreich zu arbeiten und dabei die franz\u00f6sische Sprache zu verwenden.<\/p>\t\t\t\t\t\t\t\t<\/div>\n\t\t\t\t<\/div>\n\t\t\t\t<div class=\"elementor-element elementor-element-1c18f5c elementor-mobile-align-center elementor-widget elementor-widget-button\" data-id=\"1c18f5c\" data-element_type=\"widget\" data-widget_type=\"button.default\">\n\t\t\t\t<div class=\"elementor-widget-container\">\n\t\t\t\t\t\t\t\t\t<div class=\"elementor-button-wrapper\">\n\t\t\t\t\t<a class=\"elementor-button elementor-button-link elementor-size-sm\" href=\"https:\/\/www.intermann.fr\/de\/leiharbeiter-einstellen\/\">\n\t\t\t\t\t\t<span class=\"elementor-button-content-wrapper\">\n\t\t\t\t\t\t\t\t\t<span class=\"elementor-button-text\">Mit Personalvermittler sprechen<\/span>\n\t\t\t\t\t<\/span>\n\t\t\t\t\t<\/a>\n\t\t\t\t<\/div>\n\t\t\t\t\t\t\t\t<\/div>\n\t\t\t\t<\/div>\n\t\t\t\t\t<\/div>\n\t\t<\/div>\n\t\t\t\t<div class=\"elementor-column elementor-col-50 elementor-top-column elementor-element elementor-element-b74a4da\" data-id=\"b74a4da\" data-element_type=\"column\">\n\t\t\t<div class=\"elementor-widget-wrap elementor-element-populated\">\n\t\t\t\t\t\t<div class=\"elementor-element elementor-element-fd12954 elementor-widget elementor-widget-image\" data-id=\"fd12954\" data-element_type=\"widget\" data-widget_type=\"image.default\">\n\t\t\t\t<div class=\"elementor-widget-container\">\n\t\t\t\t\t\t\t\t\t\t\t\t\t\t\t<img fetchpriority=\"high\" decoding=\"async\" width=\"698\" height=\"710\" src=\"https:\/\/www.intermann.fr\/wp-content\/uploads\/2022\/06\/recruter-agriculture-intermann.png\" class=\"attachment-large size-large wp-image-2710\" alt=\"rekrutieren landwirtschaft intermann\" srcset=\"https:\/\/www.intermann.fr\/wp-content\/uploads\/2022\/06\/recruter-agriculture-intermann.png 698w, https:\/\/www.intermann.fr\/wp-content\/uploads\/2022\/06\/recruter-agriculture-intermann-295x300.png 295w\" sizes=\"(max-width: 698px) 100vw, 698px\" \/>\t\t\t\t\t\t\t\t\t\t\t\t\t\t\t<\/div>\n\t\t\t\t<\/div>\n\t\t\t\t\t<\/div>\n\t\t<\/div>\n\t\t\t\t\t<\/div>\n\t\t<\/section>\n\t\t\t\t<section class=\"elementor-section elementor-top-section elementor-element elementor-element-5b6a0ca elementor-reverse-mobile elementor-section-boxed elementor-section-height-default elementor-section-height-default\" data-id=\"5b6a0ca\" data-element_type=\"section\">\n\t\t\t\t\t\t<div class=\"elementor-container elementor-column-gap-default\">\n\t\t\t\t\t<div class=\"elementor-column elementor-col-50 elementor-top-column elementor-element elementor-element-1ac9901\" data-id=\"1ac9901\" data-element_type=\"column\">\n\t\t\t<div class=\"elementor-widget-wrap elementor-element-populated\">\n\t\t\t\t\t\t<div class=\"elementor-element elementor-element-2659730 elementor-widget elementor-widget-image\" data-id=\"2659730\" data-element_type=\"widget\" data-widget_type=\"image.default\">\n\t\t\t\t<div class=\"elementor-widget-container\">\n\t\t\t\t\t\t\t\t\t\t\t\t\t\t\t<img decoding=\"async\" width=\"699\" height=\"714\" src=\"https:\/\/www.intermann.fr\/wp-content\/uploads\/2022\/06\/agriculture-embaucher.png\" class=\"attachment-large size-large wp-image-2741\" alt=\"Landwirtschaft einstellen\" srcset=\"https:\/\/www.intermann.fr\/wp-content\/uploads\/2022\/06\/agriculture-embaucher.png 699w, https:\/\/www.intermann.fr\/wp-content\/uploads\/2022\/06\/agriculture-embaucher-294x300.png 294w\" sizes=\"(max-width: 699px) 100vw, 699px\" \/>\t\t\t\t\t\t\t\t\t\t\t\t\t\t\t<\/div>\n\t\t\t\t<\/div>\n\t\t\t\t\t<\/div>\n\t\t<\/div>\n\t\t\t\t<div class=\"elementor-column elementor-col-50 elementor-top-column elementor-element elementor-element-403dc5a\" data-id=\"403dc5a\" data-element_type=\"column\">\n\t\t\t<div class=\"elementor-widget-wrap elementor-element-populated\">\n\t\t\t\t\t\t<div class=\"elementor-element elementor-element-1d6b642 elementor-widget elementor-widget-heading\" data-id=\"1d6b642\" data-element_type=\"widget\" data-widget_type=\"heading.default\">\n\t\t\t\t<div class=\"elementor-widget-container\">\n\t\t\t\t\t<h2 class=\"elementor-heading-title elementor-size-default\">Rum\u00e4nische Leiharbeitskr\u00e4fte aus dem Agrarsektor, die f\u00fcr die Arbeit in Frankreich qualifiziert und ausgebildet wurden.<\/h2>\t\t\t\t<\/div>\n\t\t\t\t<\/div>\n\t\t\t\t<div class=\"elementor-element elementor-element-38ad8fb elementor-widget elementor-widget-text-editor\" data-id=\"38ad8fb\" data-element_type=\"widget\" data-widget_type=\"text-editor.default\">\n\t\t\t\t<div class=\"elementor-widget-container\">\n\t\t\t\t\t\t\t\t\t<p>Wir sind daran gew\u00f6hnt und w\u00e4hlen rum\u00e4nische Zeitarbeitskr\u00e4fte aus, die in der Agrarindustrie ausgebildet wurden. Unser erstes Einstellungskriterium ist, dass sie die franz\u00f6sische Sprache beherrschen, um in franz\u00f6sischen Agrarunternehmen oder Bauernh\u00f6fen arbeiten zu k\u00f6nnen. Rum\u00e4nische Zeitarbeitskr\u00e4fte werden nach sehr genauen Kriterien ausgew\u00e4hlt, um den Wert ihrer F\u00e4higkeit, in der franz\u00f6sischen Agrarindustrie zu arbeiten, zu bestimmen.<\/p><p>Hier sind die Berufsprofile, die wir im Bereich Landwirtschaft einstellen: Landarbeiter, <a href=\"https:\/\/www.intermann.fr\/de\/rekrutieren-landwirtschaft-in-rumanien\/einen-weinleser-einstellen\/\">Weinleser<\/a>Die meisten Menschen, die in der Landwirtschaft t\u00e4tig sind, haben eine Ausbildung als Landwirt\/in, Gem\u00fcsebauer\/in, Landmaschinenf\u00fchrer\/in, G\u00e4rtner\/in, Gem\u00fcsebauer\/in, Mechaniker\/in f\u00fcr Landmaschinen, Forstarbeiter\/in, Forsttechniker\/in, Winzer\/in, <a href=\"https:\/\/www.intermann.fr\/de\/rekrutieren-landwirtschaft-in-rumanien\/einen-landwirt-anwerben\/\">Landwirte<\/a>...<\/p>\t\t\t\t\t\t\t\t<\/div>\n\t\t\t\t<\/div>\n\t\t\t\t\t<\/div>\n\t\t<\/div>\n\t\t\t\t\t<\/div>\n\t\t<\/section>\n\t\t\t\t<section class=\"elementor-section elementor-top-section elementor-element elementor-element-ef32a46 elementor-section-full_width elementor-section-height-default elementor-section-height-default\" data-id=\"ef32a46\" data-element_type=\"section\" data-settings=\"{&quot;background_background&quot;:&quot;classic&quot;}\">\n\t\t\t\t\t\t<div class=\"elementor-container elementor-column-gap-default\">\n\t\t\t\t\t<div class=\"elementor-column elementor-col-100 elementor-top-column elementor-element elementor-element-f7424cb\" data-id=\"f7424cb\" data-element_type=\"column\">\n\t\t\t<div class=\"elementor-widget-wrap elementor-element-populated\">\n\t\t\t\t\t\t<section class=\"elementor-section elementor-inner-section elementor-element elementor-element-f4083ce elementor-section-boxed elementor-section-height-default elementor-section-height-default\" data-id=\"f4083ce\" data-element_type=\"section\">\n\t\t\t\t\t\t<div class=\"elementor-container elementor-column-gap-default\">\n\t\t\t\t\t<div class=\"elementor-column elementor-col-50 elementor-inner-column elementor-element elementor-element-66080ff\" data-id=\"66080ff\" data-element_type=\"column\">\n\t\t\t<div class=\"elementor-widget-wrap elementor-element-populated\">\n\t\t\t\t\t\t<div class=\"elementor-element elementor-element-8255c52 elementor-widget elementor-widget-heading\" data-id=\"8255c52\" data-element_type=\"widget\" data-widget_type=\"heading.default\">\n\t\t\t\t<div class=\"elementor-widget-container\">\n\t\t\t\t\t<h2 class=\"elementor-heading-title elementor-size-default\">Vereinfachte Anwerbungsschritte<\/h2>\t\t\t\t<\/div>\n\t\t\t\t<\/div>\n\t\t\t\t<div class=\"elementor-element elementor-element-ed423f3 elementor-widget elementor-widget-text-editor\" data-id=\"ed423f3\" data-element_type=\"widget\" data-widget_type=\"text-editor.default\">\n\t\t\t\t<div class=\"elementor-widget-container\">\n\t\t\t\t\t\t\t\t\t<p>Heutzutage besteht der gr\u00f6\u00dfte Bedarf in der Landwirtschaft: Land- und Forstarbeiter, Mechaniker und Fahrer von Landmaschinen sowie Arbeiter im Weinbau. Intermann vermittelt motivierte und flei\u00dfige Aushilfskr\u00e4fte f\u00fcr die Landwirtschaft.<strong><br \/><\/strong><br \/>Teilen Sie uns Ihren Einstellungsbedarf mit und wir k\u00f6nnen die ausgew\u00e4hlten Profile anpassen, um Ihnen ein qualifiziertes Landwirtschaftsteam anzubieten, das dem von Ihnen ben\u00f6tigten Dienstleistungsniveau entspricht. Alle zuk\u00fcnftigen Mitarbeiter werden qualifiziert und mit den in der franz\u00f6sischen Landwirtschaft geltenden franz\u00f6sischen Arbeitsnormen vertraut gemacht.<\/p>\t\t\t\t\t\t\t\t<\/div>\n\t\t\t\t<\/div>\n\t\t\t\t\t<\/div>\n\t\t<\/div>\n\t\t\t\t<div class=\"elementor-column elementor-col-50 elementor-inner-column elementor-element elementor-element-c7515dc\" data-id=\"c7515dc\" data-element_type=\"column\">\n\t\t\t<div class=\"elementor-widget-wrap elementor-element-populated\">\n\t\t\t\t\t\t<div class=\"elementor-element elementor-element-419ebb1 elementor-widget elementor-widget-image\" data-id=\"419ebb1\" data-element_type=\"widget\" data-widget_type=\"image.default\">\n\t\t\t\t<div class=\"elementor-widget-container\">\n\t\t\t\t\t\t\t\t\t\t\t\t\t\t\t<img decoding=\"async\" width=\"699\" height=\"713\" src=\"https:\/\/www.intermann.fr\/wp-content\/uploads\/2022\/04\/Group-9911.png\" class=\"attachment-large size-large wp-image-1096\" alt=\"Einstellung von rum\u00e4nischen Arbeitnehmern, was sagt das Gesetz?\" srcset=\"https:\/\/www.intermann.fr\/wp-content\/uploads\/2022\/04\/Group-9911.png 699w, https:\/\/www.intermann.fr\/wp-content\/uploads\/2022\/04\/Group-9911-294x300.png 294w\" sizes=\"(max-width: 699px) 100vw, 699px\" \/>\t\t\t\t\t\t\t\t\t\t\t\t\t\t\t<\/div>\n\t\t\t\t<\/div>\n\t\t\t\t\t<\/div>\n\t\t<\/div>\n\t\t\t\t\t<\/div>\n\t\t<\/section>\n\t\t\t\t\t<\/div>\n\t\t<\/div>\n\t\t\t\t\t<\/div>\n\t\t<\/section>\n\t\t\t\t<section class=\"elementor-section elementor-top-section elementor-element elementor-element-ad91d73 elementor-section-boxed elementor-section-height-default elementor-section-height-default\" data-id=\"ad91d73\" data-element_type=\"section\" data-settings=\"{&quot;background_background&quot;:&quot;classic&quot;}\">\n\t\t\t\t\t\t<div class=\"elementor-container elementor-column-gap-default\">\n\t\t\t\t\t<div class=\"elementor-column elementor-col-100 elementor-top-column elementor-element elementor-element-1225c78\" data-id=\"1225c78\" data-element_type=\"column\">\n\t\t\t<div class=\"elementor-widget-wrap elementor-element-populated\">\n\t\t\t\t\t\t<div class=\"elementor-element elementor-element-c4e66f7 elementor-widget elementor-widget-heading\" data-id=\"c4e66f7\" data-element_type=\"widget\" data-widget_type=\"heading.default\">\n\t\t\t\t<div class=\"elementor-widget-container\">\n\t\t\t\t\t<h2 class=\"elementor-heading-title elementor-size-default\">Um einen Termin bitten<\/h2>\t\t\t\t<\/div>\n\t\t\t\t<\/div>\n\t\t\t\t<section class=\"elementor-section elementor-inner-section elementor-element elementor-element-718e3c3 elementor-section-boxed elementor-section-height-default elementor-section-height-default\" data-id=\"718e3c3\" data-element_type=\"section\">\n\t\t\t\t\t\t<div class=\"elementor-container elementor-column-gap-default\">\n\t\t\t\t\t<div class=\"elementor-column elementor-col-33 elementor-inner-column elementor-element elementor-element-cd6fb15\" data-id=\"cd6fb15\" data-element_type=\"column\">\n\t\t\t<div class=\"elementor-widget-wrap\">\n\t\t\t\t\t\t\t<\/div>\n\t\t<\/div>\n\t\t\t\t<div class=\"elementor-column elementor-col-33 elementor-inner-column elementor-element elementor-element-81c1862\" data-id=\"81c1862\" data-element_type=\"column\">\n\t\t\t<div class=\"elementor-widget-wrap elementor-element-populated\">\n\t\t\t\t\t\t<div class=\"elementor-element elementor-element-96088f3 elementor-button-align-center contact-form elementor-widget elementor-widget-form\" data-id=\"96088f3\" data-element_type=\"widget\" data-settings=\"{&quot;step_next_label&quot;:&quot;Next&quot;,&quot;step_previous_label&quot;:&quot;Previous&quot;,&quot;button_width&quot;:&quot;100&quot;,&quot;step_type&quot;:&quot;number_text&quot;,&quot;step_icon_shape&quot;:&quot;circle&quot;}\" data-widget_type=\"form.default\">\n\t\t\t\t<div class=\"elementor-widget-container\">\n\t\t\t\t\t\t\t<form class=\"elementor-form\" method=\"post\" data-wpl_tracker=\"{&quot;facebook&quot;:true,&quot;facebook_event_name&quot;:&quot;Lead&quot;,&quot;analytics&quot;:true,&quot;analytics_category&quot;:&quot;lead_agriculture&quot;,&quot;analytics_action&quot;:&quot;lead_agriculture&quot;,&quot;analytics_label&quot;:&quot;lead_agriculture&quot;,&quot;gtag&quot;:true,&quot;gtag_category&quot;:&quot;lead_agriculture&quot;,&quot;gtag_action&quot;:&quot;lead_agriculture&quot;,&quot;gtag_label&quot;:&quot;lead_agriculture&quot;}\" name=\"New Form\" aria-label=\"New Form\" action=\"\">\n\t\t\t<input type=\"hidden\" name=\"post_id\" value=\"2678\"\/>\n\t\t\t<input type=\"hidden\" name=\"form_id\" value=\"96088f3\"\/>\n\t\t\t<input type=\"hidden\" name=\"referer_title\" value=\"Recruter Agriculture Travailleur temporaire depuis la Roumanie\" \/>\n\n\t\t\t\t\t\t\t<input type=\"hidden\" name=\"queried_id\" value=\"2678\"\/>\n\t\t\t\n\t\t\t<div class=\"elementor-form-fields-wrapper elementor-labels-above\">\n\t\t\t\t\t\t\t\t<div class=\"elementor-field-type-text elementor-field-group elementor-column elementor-field-group-name elementor-col-33\">\n\t\t\t\t\t\t\t\t\t\t\t\t<label for=\"form-field-name\" class=\"elementor-field-label\">\n\t\t\t\t\t\t\t\tName\t\t\t\t\t\t\t<\/label>\n\t\t\t\t\t\t\t\t\t\t\t\t\t\t<input size=\"1\" type=\"text\" name=\"form_fields[name]\" id=\"form-field-name\" class=\"elementor-field elementor-size-md  elementor-field-textual\" placeholder=\"Geben Sie Ihren Namen ein\">\n\t\t\t\t\t\t\t\t\t\t\t<\/div>\n\t\t\t\t\t\t\t\t<div class=\"elementor-field-type-text elementor-field-group elementor-column elementor-field-group-field_a6c4e88 elementor-col-33\">\n\t\t\t\t\t\t\t\t\t\t\t\t<label for=\"form-field-field_a6c4e88\" class=\"elementor-field-label\">\n\t\t\t\t\t\t\t\tVorname\t\t\t\t\t\t\t<\/label>\n\t\t\t\t\t\t\t\t\t\t\t\t\t\t<input size=\"1\" type=\"text\" name=\"form_fields[field_a6c4e88]\" id=\"form-field-field_a6c4e88\" class=\"elementor-field elementor-size-md  elementor-field-textual\" placeholder=\"Geben Sie Ihren Vornamen ein\">\n\t\t\t\t\t\t\t\t\t\t\t<\/div>\n\t\t\t\t\t\t\t\t<div class=\"elementor-field-type-text elementor-field-group elementor-column elementor-field-group-field_9d417b5 elementor-col-33\">\n\t\t\t\t\t\t\t\t\t\t\t\t<label for=\"form-field-field_9d417b5\" class=\"elementor-field-label\">\n\t\t\t\t\t\t\t\tName des Unternehmens\t\t\t\t\t\t\t<\/label>\n\t\t\t\t\t\t\t\t\t\t\t\t\t\t<input size=\"1\" type=\"text\" name=\"form_fields[field_9d417b5]\" id=\"form-field-field_9d417b5\" class=\"elementor-field elementor-size-md  elementor-field-textual\" placeholder=\"Geben Sie den Namen der Firma ein\">\n\t\t\t\t\t\t\t\t\t\t\t<\/div>\n\t\t\t\t\t\t\t\t<div class=\"elementor-field-type-email elementor-field-group elementor-column elementor-field-group-email elementor-col-50 elementor-field-required elementor-mark-required\">\n\t\t\t\t\t\t\t\t\t\t\t\t<label for=\"form-field-email\" class=\"elementor-field-label\">\n\t\t\t\t\t\t\t\tE-Mail-Adresse des Unternehmens\t\t\t\t\t\t\t<\/label>\n\t\t\t\t\t\t\t\t\t\t\t\t\t\t<input size=\"1\" type=\"email\" name=\"form_fields[email]\" id=\"form-field-email\" class=\"elementor-field elementor-size-md  elementor-field-textual\" placeholder=\"E-Mail-Adresse des Unternehmens\" required=\"required\">\n\t\t\t\t\t\t\t\t\t\t\t<\/div>\n\t\t\t\t\t\t\t\t<div class=\"elementor-field-type-tel elementor-field-group elementor-column elementor-field-group-field_92c8f7c elementor-col-50 elementor-field-required elementor-mark-required\">\n\t\t\t\t\t\t\t\t\t\t\t\t<label for=\"form-field-field_92c8f7c\" class=\"elementor-field-label\">\n\t\t\t\t\t\t\t\tTelefonnummer\t\t\t\t\t\t\t<\/label>\n\t\t\t\t\t\t\t\t<input size=\"1\" type=\"tel\" name=\"form_fields[field_92c8f7c]\" id=\"form-field-field_92c8f7c\" class=\"elementor-field elementor-size-md  elementor-field-textual\" placeholder=\"Telefonnummer\" required=\"required\" pattern=\"[0-9()#&amp;+*-=.]+\" title=\"Only numbers and phone characters (#, -, *, etc) are accepted.\" data-no-translation-title=\"\">\n\n\t\t\t\t\t\t<\/div>\n\t\t\t\t\t\t\t\t<div class=\"elementor-field-type-textarea elementor-field-group elementor-column elementor-field-group-message elementor-col-100\">\n\t\t\t\t\t\t\t\t\t\t\t\t<label for=\"form-field-message\" class=\"elementor-field-label\">\n\t\t\t\t\t\t\t\tNachricht\t\t\t\t\t\t\t<\/label>\n\t\t\t\t\t\t<textarea class=\"elementor-field-textual elementor-field  elementor-size-md\" name=\"form_fields[message]\" id=\"form-field-message\" rows=\"6\" placeholder=\"Wenn Sie eine Nachricht haben\"><\/textarea>\t\t\t\t<\/div>\n\t\t\t\t\t\t\t\t<div class=\"elementor-field-group elementor-column elementor-field-type-submit elementor-col-100 e-form__buttons\">\n\t\t\t\t\t<button class=\"elementor-button elementor-size-sm\" type=\"submit\">\n\t\t\t\t\t\t<span class=\"elementor-button-content-wrapper\">\n\t\t\t\t\t\t\t\t\t\t\t\t\t\t\t\t\t\t\t\t\t\t<span class=\"elementor-button-text\">Senden Sie<\/span>\n\t\t\t\t\t\t\t\t\t\t\t\t\t<\/span>\n\t\t\t\t\t<\/button>\n\t\t\t\t<\/div>\n\t\t\t<\/div>\n\t\t<input type=\"hidden\" name=\"trp-form-language\" value=\"de\"\/><\/form>\n\t\t\t\t\t\t<\/div>\n\t\t\t\t<\/div>\n\t\t\t\t\t<\/div>\n\t\t<\/div>\n\t\t\t\t<div class=\"elementor-column elementor-col-33 elementor-inner-column elementor-element elementor-element-0987ca6\" data-id=\"0987ca6\" data-element_type=\"column\">\n\t\t\t<div class=\"elementor-widget-wrap\">\n\t\t\t\t\t\t\t<\/div>\n\t\t<\/div>\n\t\t\t\t\t<\/div>\n\t\t<\/section>\n\t\t\t\t\t<\/div>\n\t\t<\/div>\n\t\t\t\t\t<\/div>\n\t\t<\/section>\n\t\t\t\t<section class=\"elementor-section elementor-top-section elementor-element elementor-element-af289c9 elementor-section-full_width image-link elementor-section-height-default elementor-section-height-default\" data-id=\"af289c9\" data-element_type=\"section\">\n\t\t\t\t\t\t<div class=\"elementor-container elementor-column-gap-default\">\n\t\t\t\t\t<div class=\"elementor-column elementor-col-100 elementor-top-column elementor-element elementor-element-7a462f73\" data-id=\"7a462f73\" data-element_type=\"column\">\n\t\t\t<div class=\"elementor-widget-wrap elementor-element-populated\">\n\t\t\t\t\t\t<section class=\"elementor-section elementor-inner-section elementor-element elementor-element-4ac50ee3 elementor-section-full_width elementor-section-content-middle elementor-section-height-default elementor-section-height-default\" data-id=\"4ac50ee3\" data-element_type=\"section\">\n\t\t\t\t\t\t<div class=\"elementor-container elementor-column-gap-default\">\n\t\t\t\t\t<div class=\"elementor-column elementor-col-33 elementor-inner-column elementor-element elementor-element-2c2f5911\" data-id=\"2c2f5911\" data-element_type=\"column\">\n\t\t\t<div class=\"elementor-widget-wrap elementor-element-populated\">\n\t\t\t\t\t\t<div class=\"elementor-element elementor-element-11c044ef elementor-widget elementor-widget-image\" data-id=\"11c044ef\" data-element_type=\"widget\" data-widget_type=\"image.default\">\n\t\t\t\t<div class=\"elementor-widget-container\">\n\t\t\t\t\t\t\t\t\t\t\t\t\t\t\t\t<a href=\"https:\/\/www.intermann.fr\/de\/rekrutieren-landwirtschaft-in-rumanien\/\">\n\t\t\t\t\t\t\t<img loading=\"lazy\" decoding=\"async\" width=\"382\" height=\"383\" src=\"https:\/\/www.intermann.fr\/wp-content\/uploads\/2022\/05\/aggriculturs.png\" class=\"attachment-large size-large wp-image-1803\" alt=\"Recrutement de travailleurs agricoles d\u00e9tach\u00e9s depuis la Roumanie\" srcset=\"https:\/\/www.intermann.fr\/wp-content\/uploads\/2022\/05\/aggriculturs.png 382w, https:\/\/www.intermann.fr\/wp-content\/uploads\/2022\/05\/aggriculturs-300x300.png 300w, https:\/\/www.intermann.fr\/wp-content\/uploads\/2022\/05\/aggriculturs-150x150.png 150w\" sizes=\"(max-width: 382px) 100vw, 382px\" \/>\t\t\t\t\t\t\t\t<\/a>\n\t\t\t\t\t\t\t\t\t\t\t\t\t\t\t<\/div>\n\t\t\t\t<\/div>\n\t\t\t\t\t<\/div>\n\t\t<\/div>\n\t\t\t\t<div class=\"elementor-column elementor-col-33 elementor-inner-column elementor-element elementor-element-737894b0\" data-id=\"737894b0\" data-element_type=\"column\">\n\t\t\t<div class=\"elementor-widget-wrap elementor-element-populated\">\n\t\t\t\t\t\t<div class=\"elementor-element elementor-element-2505db3b elementor-widget elementor-widget-text-editor\" data-id=\"2505db3b\" data-element_type=\"widget\" data-widget_type=\"text-editor.default\">\n\t\t\t\t<div class=\"elementor-widget-container\">\n\t\t\t\t\t\t\t\t\t<ul style=\"padding-left: 26px;\"><li><a href=\"https:\/\/www.intermann.fr\/de\/rekrutieren-landwirtschaft-in-rumanien\/rekrutieren-forstmaschinenfahrer\/\">Fahrer von Forstmaschinen<\/a><\/li><li><a href=\"https:\/\/www.intermann.fr\/de\/rekrutieren-landwirtschaft-in-rumanien\/rekrutieren-sie-einen-maschinenfuhrer-fur-landwirtschaftliche-betriebe\/\">Fahrer von landwirtschaftlichen Betriebsmaschinen<\/a><\/li><li><a href=\"https:\/\/www.intermann.fr\/de\/rekrutieren-landwirtschaft-in-rumanien\/einen-seemann-fur-den-fischfang-anwerben\/\">Seefahrer Fischer<\/a><\/li><li><a href=\"https:\/\/www.intermann.fr\/de\/rekrutieren-landwirtschaft-in-rumanien\/mechaniker-fur-landmaschinen\/\">Mechaniker f\u00fcr Landmaschinen<\/a><\/li><li><a href=\"https:\/\/www.intermann.fr\/de\/rekrutieren-landwirtschaft-in-rumanien\/einstellung-von-gewachshausarbeitern\/\">Arbeiter in der Gew\u00e4chshausproduktion<\/a><\/li><li><a href=\"https:\/\/www.intermann.fr\/de\/rekrutieren-landwirtschaft-in-rumanien\/einen-traktoristen-einstellen\/\">Weinbauarbeiter Traktorist<\/a><\/li><li><a href=\"https:\/\/www.intermann.fr\/de\/rekrutieren-landwirtschaft-in-rumanien\/winzer\/\">Weinbauer<\/a><\/li><li><a href=\"https:\/\/www.intermann.fr\/de\/rekrutieren-landwirtschaft-in-rumanien\/rekrutieren-von-landwirtschaftlichen-arbeitern\/\">Landwirtschaftlicher Arbeiter<\/a><\/li><li><a href=\"https:\/\/www.intermann.fr\/de\/rekrutieren-landwirtschaft-in-rumanien\/einen-weinleser-einstellen\/\">Weinleser<\/a><\/li><\/ul>\t\t\t\t\t\t\t\t<\/div>\n\t\t\t\t<\/div>\n\t\t\t\t\t<\/div>\n\t\t<\/div>\n\t\t\t\t<div class=\"elementor-column elementor-col-33 elementor-inner-column elementor-element elementor-element-68f3a954\" data-id=\"68f3a954\" data-element_type=\"column\">\n\t\t\t<div class=\"elementor-widget-wrap elementor-element-populated\">\n\t\t\t\t\t\t<div class=\"elementor-element elementor-element-7ff6de4d elementor-widget elementor-widget-text-editor\" data-id=\"7ff6de4d\" data-element_type=\"widget\" data-widget_type=\"text-editor.default\">\n\t\t\t\t<div class=\"elementor-widget-container\">\n\t\t\t\t\t\t\t\t\t<ul style=\"padding-left: 26px;\"><li><a href=\"https:\/\/www.intermann.fr\/de\/rekrutieren-landwirtschaft-in-rumanien\/imker\/\">Bienenz\u00fcchter<\/a><\/li><li><a href=\"https:\/\/www.intermann.fr\/de\/rekrutieren-landwirtschaft-in-rumanien\/einen-landwirt-anwerben\/\">Landwirt<\/a><\/li><li><a href=\"https:\/\/www.intermann.fr\/de\/rekrutieren-landwirtschaft-in-rumanien\/einstellung-von-gartnern\/\">Gartenbau<\/a><\/li><li><a href=\"https:\/\/www.intermann.fr\/de\/rekrutieren-landwirtschaft-in-rumanien\/einen-kuhhirten-anwerben\/\">Vacher<\/a><\/li><li><a href=\"https:\/\/www.intermann.fr\/de\/rekrutieren-landwirtschaft-in-rumanien\/rekrutieren-arbeiter-winzer\/\">Arbeiter im Weinbau<\/a><\/li><li><a href=\"https:\/\/www.intermann.fr\/de\/rekrutieren-landwirtschaft-in-rumanien\/einen-kultivator-anwerben\/\">Kultivator<\/a><\/li><li><a href=\"https:\/\/www.intermann.fr\/de\/rekrutieren-landwirtschaft-in-rumanien\/einen-zuchter-anwerben\/\">Z\u00fcchter<\/a><\/li><li><a href=\"https:\/\/www.intermann.fr\/de\/rekrutieren-landwirtschaft-in-rumanien\/bauer\/\">Landwirt<\/a><\/li><li><a href=\"https:\/\/www.intermann.fr\/de\/rekrutieren-landwirtschaft-in-rumanien\/rekrutieren-von-agraringenieuren\/\">Agraringenieur\/in<\/a><\/li><\/ul>\t\t\t\t\t\t\t\t<\/div>\n\t\t\t\t<\/div>\n\t\t\t\t<div class=\"elementor-element elementor-element-444e0df5 elementor-widget elementor-widget-button\" data-id=\"444e0df5\" data-element_type=\"widget\" data-widget_type=\"button.default\">\n\t\t\t\t<div class=\"elementor-widget-container\">\n\t\t\t\t\t\t\t\t\t<div class=\"elementor-button-wrapper\">\n\t\t\t\t\t<a class=\"elementor-button elementor-button-link elementor-size-sm\" href=\"https:\/\/www.intermann.fr\/de\/rekrutieren-landwirtschaft-in-rumanien\/\">\n\t\t\t\t\t\t<span class=\"elementor-button-content-wrapper\">\n\t\t\t\t\t\t<span class=\"elementor-button-icon\">\n\t\t\t\t<i aria-hidden=\"true\" class=\"fas fa-arrow-right\"><\/i>\t\t\t<\/span>\n\t\t\t\t\t\t\t\t\t<span class=\"elementor-button-text\">Fordern Sie einen Kostenvoranschlag an<\/span>\n\t\t\t\t\t<\/span>\n\t\t\t\t\t<\/a>\n\t\t\t\t<\/div>\n\t\t\t\t\t\t\t\t<\/div>\n\t\t\t\t<\/div>\n\t\t\t\t\t<\/div>\n\t\t<\/div>\n\t\t\t\t\t<\/div>\n\t\t<\/section>\n\t\t\t\t\t<\/div>\n\t\t<\/div>\n\t\t\t\t\t<\/div>\n\t\t<\/section>\n\t\t\t\t<section class=\"elementor-section elementor-top-section elementor-element elementor-element-179cee7 elementor-section-full_width elementor-section-height-default elementor-section-height-default\" data-id=\"179cee7\" data-element_type=\"section\">\n\t\t\t\t\t\t<div class=\"elementor-container elementor-column-gap-default\">\n\t\t\t\t\t<div class=\"elementor-column elementor-col-100 elementor-top-column elementor-element elementor-element-149199d9\" data-id=\"149199d9\" data-element_type=\"column\">\n\t\t\t<div class=\"elementor-widget-wrap elementor-element-populated\">\n\t\t\t\t\t\t<div class=\"elementor-element elementor-element-31824d5f elementor-grid-3 elementor-grid-tablet-2 elementor-grid-mobile-1 elementor-posts--thumbnail-top elementor-widget elementor-widget-posts\" data-id=\"31824d5f\" data-element_type=\"widget\" data-settings=\"{&quot;classic_columns&quot;:&quot;3&quot;,&quot;classic_columns_tablet&quot;:&quot;2&quot;,&quot;classic_columns_mobile&quot;:&quot;1&quot;,&quot;classic_row_gap&quot;:{&quot;unit&quot;:&quot;px&quot;,&quot;size&quot;:35,&quot;sizes&quot;:[]},&quot;classic_row_gap_tablet&quot;:{&quot;unit&quot;:&quot;px&quot;,&quot;size&quot;:&quot;&quot;,&quot;sizes&quot;:[]},&quot;classic_row_gap_mobile&quot;:{&quot;unit&quot;:&quot;px&quot;,&quot;size&quot;:&quot;&quot;,&quot;sizes&quot;:[]}}\" data-widget_type=\"posts.classic\">\n\t\t\t\t<div class=\"elementor-widget-container\">\n\t\t\t\t\t\t\t<div class=\"elementor-posts-container elementor-posts elementor-posts--skin-classic elementor-grid\" role=\"list\">\n\t\t\t\t<article class=\"elementor-post elementor-grid-item post-9016 post type-post status-publish format-standard has-post-thumbnail hentry category-travailleur-detache\" role=\"listitem\">\n\t\t\t\t<a class=\"elementor-post__thumbnail__link\" href=\"https:\/\/www.intermann.fr\/de\/blog\/plaquiste-roumain-detachement\/\" tabindex=\"-1\" >\n\t\t\t<div class=\"elementor-post__thumbnail\"><img loading=\"lazy\" decoding=\"async\" width=\"768\" height=\"768\" src=\"https:\/\/www.intermann.fr\/wp-content\/uploads\/2026\/04\/plaquiste-roumain-detachement-featured-768x768.webp\" class=\"attachment-medium_large size-medium_large wp-image-9067\" alt=\"Plaquiste roumain posant des plaques de pl\u00e2tre sur chantier en France\" srcset=\"https:\/\/www.intermann.fr\/wp-content\/uploads\/2026\/04\/plaquiste-roumain-detachement-featured-768x768.webp 768w, https:\/\/www.intermann.fr\/wp-content\/uploads\/2026\/04\/plaquiste-roumain-detachement-featured-300x300.webp 300w, https:\/\/www.intermann.fr\/wp-content\/uploads\/2026\/04\/plaquiste-roumain-detachement-featured-150x150.webp 150w, https:\/\/www.intermann.fr\/wp-content\/uploads\/2026\/04\/plaquiste-roumain-detachement-featured-12x12.webp 12w, https:\/\/www.intermann.fr\/wp-content\/uploads\/2026\/04\/plaquiste-roumain-detachement-featured-700x700.webp 700w, https:\/\/www.intermann.fr\/wp-content\/uploads\/2026\/04\/plaquiste-roumain-detachement-featured.webp 1024w\" sizes=\"(max-width: 768px) 100vw, 768px\" \/><\/div>\n\t\t<\/a>\n\t\t\t\t<div class=\"elementor-post__text\">\n\t\t\t\t<h3 class=\"elementor-post__title\">\n\t\t\t<a href=\"https:\/\/www.intermann.fr\/de\/blog\/plaquiste-roumain-detachement\/\" >\n\t\t\t\tPlaquiste roumain d\u00e9tach\u00e9 en France : recrutement sp\u00e9cialis\u00e9\t\t\t<\/a>\n\t\t<\/h3>\n\t\t\t\t<div class=\"elementor-post__meta-data\">\n\t\t\t\t\t<span class=\"elementor-post-author\">\n\t\t\tadmin\t\t<\/span>\n\t\t\t\t<span class=\"elementor-post-date\">\n\t\t\tApril 21, 2026\t\t<\/span>\n\t\t\t\t<\/div>\n\t\t\t\t<div class=\"elementor-post__excerpt\">\n\t\t\t<p>Vous avez besoin d&rsquo;un plaquiste roumain d\u00e9tach\u00e9 pour vos chantiers de construction ou de r\u00e9novation en France ? Face \u00e0 la p\u00e9nurie de plaquistes qualifi\u00e9s<\/p>\n\t\t<\/div>\n\t\t\n\t\t<a class=\"elementor-post__read-more\" href=\"https:\/\/www.intermann.fr\/de\/blog\/plaquiste-roumain-detachement\/\" aria-label=\"Mehr \u00fcber Plaquiste roumain d\u00e9tach\u00e9 en France : recrutement sp\u00e9cialis\u00e9\" tabindex=\"-1\" >\n\t\t\tArtikel lesen &gt;\t\t<\/a>\n\n\t\t\t\t<\/div>\n\t\t\t\t<\/article>\n\t\t\t\t<article class=\"elementor-post elementor-grid-item post-9015 post type-post status-publish format-standard has-post-thumbnail hentry category-travailleur-detache\" role=\"listitem\">\n\t\t\t\t<a class=\"elementor-post__thumbnail__link\" href=\"https:\/\/www.intermann.fr\/de\/blog\/plombier-roumain-detachement\/\" tabindex=\"-1\" >\n\t\t\t<div class=\"elementor-post__thumbnail\"><img loading=\"lazy\" decoding=\"async\" width=\"768\" height=\"768\" src=\"https:\/\/www.intermann.fr\/wp-content\/uploads\/2026\/04\/plombier-roumain-detachement-featured-768x768.webp\" class=\"attachment-medium_large size-medium_large wp-image-9068\" alt=\"Plombier roumain installant un r\u00e9seau de tuyauterie cuivre\" srcset=\"https:\/\/www.intermann.fr\/wp-content\/uploads\/2026\/04\/plombier-roumain-detachement-featured-768x768.webp 768w, https:\/\/www.intermann.fr\/wp-content\/uploads\/2026\/04\/plombier-roumain-detachement-featured-300x300.webp 300w, https:\/\/www.intermann.fr\/wp-content\/uploads\/2026\/04\/plombier-roumain-detachement-featured-150x150.webp 150w, https:\/\/www.intermann.fr\/wp-content\/uploads\/2026\/04\/plombier-roumain-detachement-featured-12x12.webp 12w, https:\/\/www.intermann.fr\/wp-content\/uploads\/2026\/04\/plombier-roumain-detachement-featured-700x700.webp 700w, https:\/\/www.intermann.fr\/wp-content\/uploads\/2026\/04\/plombier-roumain-detachement-featured.webp 1024w\" sizes=\"(max-width: 768px) 100vw, 768px\" \/><\/div>\n\t\t<\/a>\n\t\t\t\t<div class=\"elementor-post__text\">\n\t\t\t\t<h3 class=\"elementor-post__title\">\n\t\t\t<a href=\"https:\/\/www.intermann.fr\/de\/blog\/plombier-roumain-detachement\/\" >\n\t\t\t\tPlombier roumain d\u00e9tach\u00e9 en France : recrutement et d\u00e9tachement\t\t\t<\/a>\n\t\t<\/h3>\n\t\t\t\t<div class=\"elementor-post__meta-data\">\n\t\t\t\t\t<span class=\"elementor-post-author\">\n\t\t\tadmin\t\t<\/span>\n\t\t\t\t<span class=\"elementor-post-date\">\n\t\t\tApril 21, 2026\t\t<\/span>\n\t\t\t\t<\/div>\n\t\t\t\t<div class=\"elementor-post__excerpt\">\n\t\t\t<p>Vous cherchez un plombier roumain d\u00e9tach\u00e9 pour vos chantiers en France ? Le recrutement de plombiers qualifi\u00e9s est l&rsquo;un des d\u00e9fis majeurs du BTP fran\u00e7ais,<\/p>\n\t\t<\/div>\n\t\t\n\t\t<a class=\"elementor-post__read-more\" href=\"https:\/\/www.intermann.fr\/de\/blog\/plombier-roumain-detachement\/\" aria-label=\"Mehr \u00fcber Plombier roumain d\u00e9tach\u00e9 en France : recrutement et d\u00e9tachement\" tabindex=\"-1\" >\n\t\t\tArtikel lesen &gt;\t\t<\/a>\n\n\t\t\t\t<\/div>\n\t\t\t\t<\/article>\n\t\t\t\t<article class=\"elementor-post elementor-grid-item post-9014 post type-post status-publish format-standard has-post-thumbnail hentry category-travailleur-detache\" role=\"listitem\">\n\t\t\t\t<a class=\"elementor-post__thumbnail__link\" href=\"https:\/\/www.intermann.fr\/de\/blog\/interim-roumain-france\/\" tabindex=\"-1\" >\n\t\t\t<div class=\"elementor-post__thumbnail\"><img loading=\"lazy\" decoding=\"async\" width=\"768\" height=\"768\" src=\"https:\/\/www.intermann.fr\/wp-content\/uploads\/2026\/04\/interim-roumain-france-featured-768x768.webp\" class=\"attachment-medium_large size-medium_large wp-image-9069\" alt=\"\u00c9quipe de travailleurs d\u00e9tach\u00e9s roumains sur un chantier fran\u00e7ais\" srcset=\"https:\/\/www.intermann.fr\/wp-content\/uploads\/2026\/04\/interim-roumain-france-featured-768x768.webp 768w, https:\/\/www.intermann.fr\/wp-content\/uploads\/2026\/04\/interim-roumain-france-featured-300x300.webp 300w, https:\/\/www.intermann.fr\/wp-content\/uploads\/2026\/04\/interim-roumain-france-featured-150x150.webp 150w, https:\/\/www.intermann.fr\/wp-content\/uploads\/2026\/04\/interim-roumain-france-featured-12x12.webp 12w, https:\/\/www.intermann.fr\/wp-content\/uploads\/2026\/04\/interim-roumain-france-featured-700x700.webp 700w, https:\/\/www.intermann.fr\/wp-content\/uploads\/2026\/04\/interim-roumain-france-featured.webp 1024w\" sizes=\"(max-width: 768px) 100vw, 768px\" \/><\/div>\n\t\t<\/a>\n\t\t\t\t<div class=\"elementor-post__text\">\n\t\t\t\t<h3 class=\"elementor-post__title\">\n\t\t\t<a href=\"https:\/\/www.intermann.fr\/de\/blog\/interim-roumain-france\/\" >\n\t\t\t\tInt\u00e9rim roumain en France : agence sp\u00e9cialis\u00e9e d\u00e9tachement travailleurs\t\t\t<\/a>\n\t\t<\/h3>\n\t\t\t\t<div class=\"elementor-post__meta-data\">\n\t\t\t\t\t<span class=\"elementor-post-author\">\n\t\t\tadmin\t\t<\/span>\n\t\t\t\t<span class=\"elementor-post-date\">\n\t\t\tApril 21, 2026\t\t<\/span>\n\t\t\t\t<\/div>\n\t\t\t\t<div class=\"elementor-post__excerpt\">\n\t\t\t<p>Vous cherchez une agence d&rsquo;int\u00e9rim roumaine en France pour recruter des travailleurs qualifi\u00e9s ? Le recours \u00e0 l&rsquo;int\u00e9rim roumain est devenu une solution incontournable pour<\/p>\n\t\t<\/div>\n\t\t\n\t\t<a class=\"elementor-post__read-more\" href=\"https:\/\/www.intermann.fr\/de\/blog\/interim-roumain-france\/\" aria-label=\"Mehr \u00fcber Int\u00e9rim roumain en France : agence sp\u00e9cialis\u00e9e d\u00e9tachement travailleurs\" tabindex=\"-1\" >\n\t\t\tArtikel lesen &gt;\t\t<\/a>\n\n\t\t\t\t<\/div>\n\t\t\t\t<\/article>\n\t\t\t\t<article class=\"elementor-post elementor-grid-item post-9002 post type-post status-publish format-standard has-post-thumbnail hentry category-travailleur-detache\" role=\"listitem\">\n\t\t\t\t<a class=\"elementor-post__thumbnail__link\" href=\"https:\/\/www.intermann.fr\/de\/blog\/recruter-travailleurs-btp-roumains-detaches\/\" tabindex=\"-1\" >\n\t\t\t<div class=\"elementor-post__thumbnail\"><img loading=\"lazy\" decoding=\"async\" width=\"768\" height=\"768\" src=\"https:\/\/www.intermann.fr\/wp-content\/uploads\/2026\/04\/recruter-travailleurs-btp-roumains-detaches-featured-768x768.webp\" class=\"attachment-medium_large size-medium_large wp-image-9070\" alt=\"Ouvriers BTP roumains d\u00e9tach\u00e9s travaillant sur un chantier de construction\" srcset=\"https:\/\/www.intermann.fr\/wp-content\/uploads\/2026\/04\/recruter-travailleurs-btp-roumains-detaches-featured-768x768.webp 768w, https:\/\/www.intermann.fr\/wp-content\/uploads\/2026\/04\/recruter-travailleurs-btp-roumains-detaches-featured-300x300.webp 300w, https:\/\/www.intermann.fr\/wp-content\/uploads\/2026\/04\/recruter-travailleurs-btp-roumains-detaches-featured-150x150.webp 150w, https:\/\/www.intermann.fr\/wp-content\/uploads\/2026\/04\/recruter-travailleurs-btp-roumains-detaches-featured-12x12.webp 12w, https:\/\/www.intermann.fr\/wp-content\/uploads\/2026\/04\/recruter-travailleurs-btp-roumains-detaches-featured-700x700.webp 700w, https:\/\/www.intermann.fr\/wp-content\/uploads\/2026\/04\/recruter-travailleurs-btp-roumains-detaches-featured.webp 1024w\" sizes=\"(max-width: 768px) 100vw, 768px\" \/><\/div>\n\t\t<\/a>\n\t\t\t\t<div class=\"elementor-post__text\">\n\t\t\t\t<h3 class=\"elementor-post__title\">\n\t\t\t<a href=\"https:\/\/www.intermann.fr\/de\/blog\/recruter-travailleurs-btp-roumains-detaches\/\" >\n\t\t\t\tRecruter des travailleurs BTP roumains d\u00e9tach\u00e9s : guide complet 2026\t\t\t<\/a>\n\t\t<\/h3>\n\t\t\t\t<div class=\"elementor-post__meta-data\">\n\t\t\t\t\t<span class=\"elementor-post-author\">\n\t\t\tadmin\t\t<\/span>\n\t\t\t\t<span class=\"elementor-post-date\">\n\t\t\tApril 21, 2026\t\t<\/span>\n\t\t\t\t<\/div>\n\t\t\t\t<div class=\"elementor-post__excerpt\">\n\t\t\t<p>Recrutez des ouvriers BTP roumains d\u00e9tach\u00e9s en toute conformit\u00e9 : ma\u00e7ons, coffreurs, \u00e9lectriciens, plaquistes et plus de 30 m\u00e9tiers disponibles. Gr\u00e2ce au d\u00e9tachement de travailleurs,<\/p>\n\t\t<\/div>\n\t\t\n\t\t<a class=\"elementor-post__read-more\" href=\"https:\/\/www.intermann.fr\/de\/blog\/recruter-travailleurs-btp-roumains-detaches\/\" aria-label=\"Mehr \u00fcber Recruter des travailleurs BTP roumains d\u00e9tach\u00e9s : guide complet 2026\" tabindex=\"-1\" >\n\t\t\tArtikel lesen &gt;\t\t<\/a>\n\n\t\t\t\t<\/div>\n\t\t\t\t<\/article>\n\t\t\t\t<article class=\"elementor-post elementor-grid-item post-8999 post type-post status-publish format-standard has-post-thumbnail hentry category-travailleur-detache\" role=\"listitem\">\n\t\t\t\t<a class=\"elementor-post__thumbnail__link\" href=\"https:\/\/www.intermann.fr\/de\/blog\/obligation-vigilance-donneur-ordre-detachement\/\" tabindex=\"-1\" >\n\t\t\t<div class=\"elementor-post__thumbnail\"><img loading=\"lazy\" decoding=\"async\" width=\"768\" height=\"768\" src=\"https:\/\/www.intermann.fr\/wp-content\/uploads\/2026\/04\/obligation-vigilance-donneur-ordre-detachement-featured-768x768.webp\" class=\"attachment-medium_large size-medium_large wp-image-9071\" alt=\"Documents administratifs de conformit\u00e9 d\u00e9tachement travailleur en France\" srcset=\"https:\/\/www.intermann.fr\/wp-content\/uploads\/2026\/04\/obligation-vigilance-donneur-ordre-detachement-featured-768x768.webp 768w, https:\/\/www.intermann.fr\/wp-content\/uploads\/2026\/04\/obligation-vigilance-donneur-ordre-detachement-featured-300x300.webp 300w, https:\/\/www.intermann.fr\/wp-content\/uploads\/2026\/04\/obligation-vigilance-donneur-ordre-detachement-featured-150x150.webp 150w, https:\/\/www.intermann.fr\/wp-content\/uploads\/2026\/04\/obligation-vigilance-donneur-ordre-detachement-featured-12x12.webp 12w, https:\/\/www.intermann.fr\/wp-content\/uploads\/2026\/04\/obligation-vigilance-donneur-ordre-detachement-featured-700x700.webp 700w, https:\/\/www.intermann.fr\/wp-content\/uploads\/2026\/04\/obligation-vigilance-donneur-ordre-detachement-featured.webp 1024w\" sizes=\"(max-width: 768px) 100vw, 768px\" \/><\/div>\n\t\t<\/a>\n\t\t\t\t<div class=\"elementor-post__text\">\n\t\t\t\t<h3 class=\"elementor-post__title\">\n\t\t\t<a href=\"https:\/\/www.intermann.fr\/de\/blog\/obligation-vigilance-donneur-ordre-detachement\/\" >\n\t\t\t\tObligation de vigilance du donneur d&rsquo;ordre dans le d\u00e9tachement\t\t\t<\/a>\n\t\t<\/h3>\n\t\t\t\t<div class=\"elementor-post__meta-data\">\n\t\t\t\t\t<span class=\"elementor-post-author\">\n\t\t\tadmin\t\t<\/span>\n\t\t\t\t<span class=\"elementor-post-date\">\n\t\t\tApril 21, 2026\t\t<\/span>\n\t\t\t\t<\/div>\n\t\t\t\t<div class=\"elementor-post__excerpt\">\n\t\t\t<p>En tant que donneur d&rsquo;ordre, vous \u00eates juridiquement responsable des manquements de votre sous-traitant \u00e9tranger. L&rsquo;obligation de vigilance du donneur d&rsquo;ordre impose de v\u00e9rifier la<\/p>\n\t\t<\/div>\n\t\t\n\t\t<a class=\"elementor-post__read-more\" href=\"https:\/\/www.intermann.fr\/de\/blog\/obligation-vigilance-donneur-ordre-detachement\/\" aria-label=\"Mehr \u00fcber Obligation de vigilance du donneur d&rsquo;ordre dans le d\u00e9tachement\" tabindex=\"-1\" >\n\t\t\tArtikel lesen &gt;\t\t<\/a>\n\n\t\t\t\t<\/div>\n\t\t\t\t<\/article>\n\t\t\t\t<article class=\"elementor-post elementor-grid-item post-8985 post type-post status-publish format-standard has-post-thumbnail hentry category-travailleur-detache\" role=\"listitem\">\n\t\t\t\t<a class=\"elementor-post__thumbnail__link\" href=\"https:\/\/www.intermann.fr\/de\/blog\/reglementation-travail-detache-france\/\" tabindex=\"-1\" >\n\t\t\t<div class=\"elementor-post__thumbnail\"><img loading=\"lazy\" decoding=\"async\" width=\"768\" height=\"439\" src=\"https:\/\/www.intermann.fr\/wp-content\/uploads\/2026\/04\/reglementation-travail-detache-france-768x439.webp\" class=\"attachment-medium_large size-medium_large wp-image-8986\" alt=\"R\u00e9glementation travail d\u00e9tach\u00e9 France - documents administratifs\" srcset=\"https:\/\/www.intermann.fr\/wp-content\/uploads\/2026\/04\/reglementation-travail-detache-france-768x439.webp 768w, https:\/\/www.intermann.fr\/wp-content\/uploads\/2026\/04\/reglementation-travail-detache-france-300x171.webp 300w, https:\/\/www.intermann.fr\/wp-content\/uploads\/2026\/04\/reglementation-travail-detache-france-1024x585.webp 1024w, https:\/\/www.intermann.fr\/wp-content\/uploads\/2026\/04\/reglementation-travail-detache-france-18x10.webp 18w, https:\/\/www.intermann.fr\/wp-content\/uploads\/2026\/04\/reglementation-travail-detache-france.webp 1344w\" sizes=\"(max-width: 768px) 100vw, 768px\" \/><\/div>\n\t\t<\/a>\n\t\t\t\t<div class=\"elementor-post__text\">\n\t\t\t\t<h3 class=\"elementor-post__title\">\n\t\t\t<a href=\"https:\/\/www.intermann.fr\/de\/blog\/reglementation-travail-detache-france\/\" >\n\t\t\t\tR\u00e9glementation du travail d\u00e9tach\u00e9 en France : ce que vous devez savoir\t\t\t<\/a>\n\t\t<\/h3>\n\t\t\t\t<div class=\"elementor-post__meta-data\">\n\t\t\t\t\t<span class=\"elementor-post-author\">\n\t\t\tadmin\t\t<\/span>\n\t\t\t\t<span class=\"elementor-post-date\">\n\t\t\tApril 8, 2026\t\t<\/span>\n\t\t\t\t<\/div>\n\t\t\t\t<div class=\"elementor-post__excerpt\">\n\t\t\t<p>\ud83d\udce2 Webinaire gratuit : r\u00e9glementation d\u00e9tachement BTP 2026 \u2014 Participez \u00e0 notre webinaire en ligne pour comprendre SIPSI, formulaire A1 et obligations de l&rsquo;entreprise utilisatrice.<\/p>\n\t\t<\/div>\n\t\t\n\t\t<a class=\"elementor-post__read-more\" href=\"https:\/\/www.intermann.fr\/de\/blog\/reglementation-travail-detache-france\/\" aria-label=\"Mehr \u00fcber R\u00e9glementation du travail d\u00e9tach\u00e9 en France : ce que vous devez savoir\" tabindex=\"-1\" >\n\t\t\tArtikel lesen &gt;\t\t<\/a>\n\n\t\t\t\t<\/div>\n\t\t\t\t<\/article>\n\t\t\t\t<\/div>\n\t\t\n\t\t\t\t\t\t<\/div>\n\t\t\t\t<\/div>\n\t\t\t\t\t<\/div>\n\t\t<\/div>\n\t\t\t\t\t<\/div>\n\t\t<\/section>\n\t\t\t\t<\/div>","protected":false},"excerpt":{"rendered":"<p>Landwirtschaft in Rum\u00e4nien rekrutieren Sie haben einen Mangel an Arbeitskr\u00e4ften in der Landwirtschaft und m\u00f6chten rum\u00e4nische Mitarbeiter f\u00fcr die Landwirtschaft in Frankreich rekrutieren? Unsere Agentur Intermann vermittelt qualifiziertes rum\u00e4nisches Personal f\u00fcr die Landwirtschaft. Unsere franz\u00f6sisch-rum\u00e4nische Zeitarbeitsfirma unterst\u00fctzt franz\u00f6sische Unternehmen bei der Einstellung von qualifizierten Zeitarbeitskr\u00e4ften im Agrarsektor. Rum\u00e4nien [...].<\/p>","protected":false},"author":1,"featured_media":2693,"parent":0,"menu_order":0,"comment_status":"closed","ping_status":"closed","template":"","meta":{"rop_custom_images_group":[],"rop_custom_messages_group":[],"rop_publish_now":"initial","rop_publish_now_accounts":[],"rop_publish_now_history":[],"rop_publish_now_status":"pending","footnotes":""},"class_list":["post-2678","page","type-page","status-publish","has-post-thumbnail","hentry"],"yoast_head":"<!-- This site is optimized with the Yoast SEO plugin v26.6 - https:\/\/yoast.com\/wordpress\/plugins\/seo\/ -->\n<title>Recruter Agriculture Travailleur temporaire depuis la Roumanie<\/title>\n<meta name=\"description\" content=\"Vous \u00eates en manque de main d\u2019\u0153uvre agricole et souhaitez recruter des employ\u00e9s roumains dans le domaine de l\u2019agriculture en France ?\" \/>\n<meta name=\"robots\" content=\"index, follow, max-snippet:-1, max-image-preview:large, max-video-preview:-1\" \/>\n<link rel=\"canonical\" href=\"https:\/\/www.intermann.fr\/de\/rekrutieren-landwirtschaft-in-rumanien\/\" \/>\n<meta property=\"og:locale\" content=\"de_DE\" \/>\n<meta property=\"og:type\" content=\"article\" \/>\n<meta property=\"og:title\" content=\"Recruter Agriculture Travailleur temporaire depuis la Roumanie\" \/>\n<meta property=\"og:description\" content=\"Vous \u00eates en manque de main d\u2019\u0153uvre agricole et souhaitez recruter des employ\u00e9s roumains dans le domaine de l\u2019agriculture en France ?\" \/>\n<meta property=\"og:url\" content=\"https:\/\/www.intermann.fr\/de\/rekrutieren-landwirtschaft-in-rumanien\/\" \/>\n<meta property=\"og:site_name\" content=\"Intermann\" \/>\n<meta property=\"article:publisher\" content=\"https:\/\/www.facebook.com\/muncainFranta\" \/>\n<meta property=\"article:modified_time\" content=\"2023-11-06T13:54:15+00:00\" \/>\n<meta property=\"og:image\" content=\"https:\/\/www.intermann.fr\/wp-content\/uploads\/2022\/06\/EMBAUCHER-AGRICULTURE-INTERMANN.png\" \/>\n\t<meta property=\"og:image:width\" content=\"505\" \/>\n\t<meta property=\"og:image:height\" content=\"576\" \/>\n\t<meta property=\"og:image:type\" content=\"image\/png\" \/>\n<meta name=\"twitter:card\" content=\"summary_large_image\" \/>\n<meta name=\"twitter:site\" content=\"@intermann_work\" \/>\n<meta name=\"twitter:label1\" content=\"Gesch\u00e4tzte Lesezeit\" \/>\n\t<meta name=\"twitter:data1\" content=\"7\u00a0Minuten\" \/>\n<script type=\"application\/ld+json\" class=\"yoast-schema-graph\">{\"@context\":\"https:\/\/schema.org\",\"@graph\":[{\"@type\":\"WebPage\",\"@id\":\"https:\/\/www.intermann.fr\/recruter-agriculture-en-roumanie\/\",\"url\":\"https:\/\/www.intermann.fr\/recruter-agriculture-en-roumanie\/\",\"name\":\"Recruter Agriculture Travailleur temporaire depuis la Roumanie\",\"isPartOf\":{\"@id\":\"https:\/\/www.intermann.fr\/#website\"},\"primaryImageOfPage\":{\"@id\":\"https:\/\/www.intermann.fr\/recruter-agriculture-en-roumanie\/#primaryimage\"},\"image\":{\"@id\":\"https:\/\/www.intermann.fr\/recruter-agriculture-en-roumanie\/#primaryimage\"},\"thumbnailUrl\":\"https:\/\/www.intermann.fr\/wp-content\/uploads\/2022\/06\/EMBAUCHER-AGRICULTURE-INTERMANN.png\",\"datePublished\":\"2022-06-03T11:57:16+00:00\",\"dateModified\":\"2023-11-06T13:54:15+00:00\",\"description\":\"Vous \u00eates en manque de main d\u2019\u0153uvre agricole et souhaitez recruter des employ\u00e9s roumains dans le domaine de l\u2019agriculture en France ?\",\"breadcrumb\":{\"@id\":\"https:\/\/www.intermann.fr\/recruter-agriculture-en-roumanie\/#breadcrumb\"},\"inLanguage\":\"de\",\"potentialAction\":[{\"@type\":\"ReadAction\",\"target\":[\"https:\/\/www.intermann.fr\/recruter-agriculture-en-roumanie\/\"]}]},{\"@type\":\"ImageObject\",\"inLanguage\":\"de\",\"@id\":\"https:\/\/www.intermann.fr\/recruter-agriculture-en-roumanie\/#primaryimage\",\"url\":\"https:\/\/www.intermann.fr\/wp-content\/uploads\/2022\/06\/EMBAUCHER-AGRICULTURE-INTERMANN.png\",\"contentUrl\":\"https:\/\/www.intermann.fr\/wp-content\/uploads\/2022\/06\/EMBAUCHER-AGRICULTURE-INTERMANN.png\",\"width\":505,\"height\":576,\"caption\":\"EMBAUCHER AGRICULTURE INTERMANN\"},{\"@type\":\"BreadcrumbList\",\"@id\":\"https:\/\/www.intermann.fr\/recruter-agriculture-en-roumanie\/#breadcrumb\",\"itemListElement\":[{\"@type\":\"ListItem\",\"position\":1,\"name\":\"Intermann Agence Interim Roumanie\",\"item\":\"https:\/\/www.intermann.fr\/\"},{\"@type\":\"ListItem\",\"position\":2,\"name\":\"Recruter domaine de l\u2019agriculture\"}]},{\"@type\":\"WebSite\",\"@id\":\"https:\/\/www.intermann.fr\/#website\",\"url\":\"https:\/\/www.intermann.fr\/\",\"name\":\"Intermann\",\"description\":\"Recruter en Roumanie pour votre secteur en France\",\"publisher\":{\"@id\":\"https:\/\/www.intermann.fr\/#organization\"},\"potentialAction\":[{\"@type\":\"SearchAction\",\"target\":{\"@type\":\"EntryPoint\",\"urlTemplate\":\"https:\/\/www.intermann.fr\/?s={search_term_string}\"},\"query-input\":{\"@type\":\"PropertyValueSpecification\",\"valueRequired\":true,\"valueName\":\"search_term_string\"}}],\"inLanguage\":\"de\"},{\"@type\":\"Organization\",\"@id\":\"https:\/\/www.intermann.fr\/#organization\",\"name\":\"Intermann : Agence travailleur temporaire\",\"alternateName\":\"Intermann\",\"url\":\"https:\/\/www.intermann.fr\/\",\"logo\":{\"@type\":\"ImageObject\",\"inLanguage\":\"de\",\"@id\":\"https:\/\/www.intermann.fr\/#\/schema\/logo\/image\/\",\"url\":\"https:\/\/www.intermann.fr\/wp-content\/uploads\/2022\/05\/logo-Intermann.png\",\"contentUrl\":\"https:\/\/www.intermann.fr\/wp-content\/uploads\/2022\/05\/logo-Intermann.png\",\"width\":2472,\"height\":2142,\"caption\":\"Intermann : Agence travailleur temporaire\"},\"image\":{\"@id\":\"https:\/\/www.intermann.fr\/#\/schema\/logo\/image\/\"},\"sameAs\":[\"https:\/\/www.facebook.com\/muncainFranta\",\"https:\/\/x.com\/intermann_work\",\"https:\/\/www.linkedin.com\/company\/intermann-interim\/\"]}]}<\/script>\n<!-- \/ Yoast SEO plugin. -->","yoast_head_json":{"title":"Rekrutieren Agriculture Zeitarbeitnehmer aus Rum\u00e4nien","description":"Sie haben einen Mangel an Arbeitskr\u00e4ften in der Landwirtschaft und m\u00f6chten rum\u00e4nische Arbeitnehmer f\u00fcr die Landwirtschaft in Frankreich anwerben?","robots":{"index":"index","follow":"follow","max-snippet":"max-snippet:-1","max-image-preview":"max-image-preview:large","max-video-preview":"max-video-preview:-1"},"canonical":"https:\/\/www.intermann.fr\/de\/rekrutieren-landwirtschaft-in-rumanien\/","og_locale":"de_DE","og_type":"article","og_title":"Recruter Agriculture Travailleur temporaire depuis la Roumanie","og_description":"Vous \u00eates en manque de main d\u2019\u0153uvre agricole et souhaitez recruter des employ\u00e9s roumains dans le domaine de l\u2019agriculture en France ?","og_url":"https:\/\/www.intermann.fr\/de\/rekrutieren-landwirtschaft-in-rumanien\/","og_site_name":"Intermann","article_publisher":"https:\/\/www.facebook.com\/muncainFranta","article_modified_time":"2023-11-06T13:54:15+00:00","og_image":[{"width":505,"height":576,"url":"https:\/\/www.intermann.fr\/wp-content\/uploads\/2022\/06\/EMBAUCHER-AGRICULTURE-INTERMANN.png","type":"image\/png"}],"twitter_card":"summary_large_image","twitter_site":"@intermann_work","twitter_misc":{"Gesch\u00e4tzte Lesezeit":"7\u00a0Minuten"},"schema":{"@context":"https:\/\/schema.org","@graph":[{"@type":"WebPage","@id":"https:\/\/www.intermann.fr\/recruter-agriculture-en-roumanie\/","url":"https:\/\/www.intermann.fr\/recruter-agriculture-en-roumanie\/","name":"Rekrutieren Agriculture Zeitarbeitnehmer aus Rum\u00e4nien","isPartOf":{"@id":"https:\/\/www.intermann.fr\/#website"},"primaryImageOfPage":{"@id":"https:\/\/www.intermann.fr\/recruter-agriculture-en-roumanie\/#primaryimage"},"image":{"@id":"https:\/\/www.intermann.fr\/recruter-agriculture-en-roumanie\/#primaryimage"},"thumbnailUrl":"https:\/\/www.intermann.fr\/wp-content\/uploads\/2022\/06\/EMBAUCHER-AGRICULTURE-INTERMANN.png","datePublished":"2022-06-03T11:57:16+00:00","dateModified":"2023-11-06T13:54:15+00:00","description":"Sie haben einen Mangel an Arbeitskr\u00e4ften in der Landwirtschaft und m\u00f6chten rum\u00e4nische Arbeitnehmer f\u00fcr die Landwirtschaft in Frankreich anwerben?","breadcrumb":{"@id":"https:\/\/www.intermann.fr\/recruter-agriculture-en-roumanie\/#breadcrumb"},"inLanguage":"de","potentialAction":[{"@type":"ReadAction","target":["https:\/\/www.intermann.fr\/recruter-agriculture-en-roumanie\/"]}]},{"@type":"ImageObject","inLanguage":"de","@id":"https:\/\/www.intermann.fr\/recruter-agriculture-en-roumanie\/#primaryimage","url":"https:\/\/www.intermann.fr\/wp-content\/uploads\/2022\/06\/EMBAUCHER-AGRICULTURE-INTERMANN.png","contentUrl":"https:\/\/www.intermann.fr\/wp-content\/uploads\/2022\/06\/EMBAUCHER-AGRICULTURE-INTERMANN.png","width":505,"height":576,"caption":"EMBAUCHER AGRICULTURE INTERMANN"},{"@type":"BreadcrumbList","@id":"https:\/\/www.intermann.fr\/recruter-agriculture-en-roumanie\/#breadcrumb","itemListElement":[{"@type":"ListItem","position":1,"name":"Intermann Agence Interim Roumanie","item":"https:\/\/www.intermann.fr\/"},{"@type":"ListItem","position":2,"name":"Recruter domaine de l\u2019agriculture"}]},{"@type":"WebSite","@id":"https:\/\/www.intermann.fr\/#website","url":"https:\/\/www.intermann.fr\/","name":"Intermann","description":"Rekrutierung in Rum\u00e4nien f\u00fcr Ihren Sektor in Frankreich","publisher":{"@id":"https:\/\/www.intermann.fr\/#organization"},"potentialAction":[{"@type":"SearchAction","target":{"@type":"EntryPoint","urlTemplate":"https:\/\/www.intermann.fr\/?s={search_term_string}"},"query-input":{"@type":"PropertyValueSpecification","valueRequired":true,"valueName":"search_term_string"}}],"inLanguage":"de"},{"@type":"Organization","@id":"https:\/\/www.intermann.fr\/#organization","name":"Intermann: Agentur f\u00fcr Zeitarbeit","alternateName":"Intermann","url":"https:\/\/www.intermann.fr\/","logo":{"@type":"ImageObject","inLanguage":"de","@id":"https:\/\/www.intermann.fr\/#\/schema\/logo\/image\/","url":"https:\/\/www.intermann.fr\/wp-content\/uploads\/2022\/05\/logo-Intermann.png","contentUrl":"https:\/\/www.intermann.fr\/wp-content\/uploads\/2022\/05\/logo-Intermann.png","width":2472,"height":2142,"caption":"Intermann : Agence travailleur temporaire"},"image":{"@id":"https:\/\/www.intermann.fr\/#\/schema\/logo\/image\/"},"sameAs":["https:\/\/www.facebook.com\/muncainFranta","https:\/\/x.com\/intermann_work","https:\/\/www.linkedin.com\/company\/intermann-interim\/"]}]}},"_links":{"self":[{"href":"https:\/\/www.intermann.fr\/de\/wp-json\/wp\/v2\/pages\/2678","targetHints":{"allow":["GET"]}}],"collection":[{"href":"https:\/\/www.intermann.fr\/de\/wp-json\/wp\/v2\/pages"}],"about":[{"href":"https:\/\/www.intermann.fr\/de\/wp-json\/wp\/v2\/types\/page"}],"author":[{"embeddable":true,"href":"https:\/\/www.intermann.fr\/de\/wp-json\/wp\/v2\/users\/1"}],"replies":[{"embeddable":true,"href":"https:\/\/www.intermann.fr\/de\/wp-json\/wp\/v2\/comments?post=2678"}],"version-history":[{"count":106,"href":"https:\/\/www.intermann.fr\/de\/wp-json\/wp\/v2\/pages\/2678\/revisions"}],"predecessor-version":[{"id":4558,"href":"https:\/\/www.intermann.fr\/de\/wp-json\/wp\/v2\/pages\/2678\/revisions\/4558"}],"wp:featuredmedia":[{"embeddable":true,"href":"https:\/\/www.intermann.fr\/de\/wp-json\/wp\/v2\/media\/2693"}],"wp:attachment":[{"href":"https:\/\/www.intermann.fr\/de\/wp-json\/wp\/v2\/media?parent=2678"}],"curies":[{"name":"wp","href":"https:\/\/api.w.org\/{rel}","templated":true}]}}